{"id":2718,"date":"2022-12-08T13:07:49","date_gmt":"2022-12-08T12:07:49","guid":{"rendered":"https:\/\/portfolio.glazboteka.com\/kcm\/?post_type=mec-events&#038;p=2718"},"modified":"2023-04-08T17:11:31","modified_gmt":"2023-04-08T15:11:31","slug":"slusaonica-radiodrama-poslije-agonije-milana-trenca","status":"publish","type":"mec-events","link":"https:\/\/portfolio.glazboteka.com\/kcm\/kalendar\/slusaonica-radiodrama-poslije-agonije-milana-trenca\/","title":{"rendered":"Slu\u0161aonica: Radiodrama Poslije agonije Milana Trenca"},"content":{"rendered":"<p>Pozivamo vas na slu\u0161aonicu radiodrame &#8220;Poslije agonije&#8221; &#8211; posrijedi je detektivska misterija s ubojstvom prema motivima drame Miroslava Krle\u017ee &#8220;U agoniji&#8221;, svojevrsni nastavak.<\/p>\n<p>U bolni\u010dkoj mrtva\u010dnici Barunica se budi iz klini\u010dke smrti te se vra\u0107a u ured svog ljubavnika, odvjetnika Kri\u017eovca. Za to vrijeme policajci u postaji ispituju sumnjive okolnosti Barunova samoubojstva. Kad uhapse mladog revolucionara koji je \u010dudesno nalik na pokojnog Baruna, klupko se po\u010dinje odmotavati&#8230;<\/p>\n<p>Do\u017eivite iskustvo zajedni\u010dkog slu\u0161anja s autorskim timom u intimnoj atmosferi KCM-a. Do\u0111ite na vrijeme, zauzmite svoja mjesta i uplovite u svijet te radiodrame.<\/p>\n<p>Premijerno emitiranje: SUBOTA, 10. 12. u 18 sati &#8211; Hrvatski radio, Prvi program (18.05 &#8211; 18.55 sati).<\/p>\n<blockquote><p>Dramski program Hrvatskog radija<br \/>\nUrednica: Nives Maduni\u0107 Bari\u0161i\u0107<br \/>\nEmisija: Radioscena \u2013 izlog dramskog programa<br \/>\nUrednica: Lada Martinac Kralj<\/p>\n<p>Poslije agonije<br \/>\nAutor teksta i redatelj: Milan Trenc<br \/>\nZvuk: Sr\u0111an Nogi\u0107<\/p>\n<p>ULOGE:<br \/>\nBarunica: Anja \u0160ovagovi\u0107-Despot<br \/>\nBarun: Janko Popovi\u0107 Volari\u0107<br \/>\nPrvi policajac: Dragan Despot<br \/>\nDrugi policajac: Filip Ri\u0111i\u010dki<br \/>\nKo\u010dija\u0161: Mateo Videk<br \/>\nMladi revolucionar: Ivan Simon<br \/>\nBarun: Zoran \u010cubrilo<br \/>\nJaha\u010dica: Marija Kolb<br \/>\nTre\u0107i policajac: Pero Juri\u010di\u0107<\/p><\/blockquote>\n","protected":false},"excerpt":{"rendered":"<p>Pozivamo vas na slu\u0161aonicu radiodrame &#8220;Poslije agonije&#8221; &#8211; posrijedi je detektivska misterija s ubojstvom prema motivima drame Miroslava Krle\u017ee &#8220;U agoniji&#8221;.<\/p>\n","protected":false},"author":1,"featured_media":2719,"comment_status":"open","ping_status":"closed","template":"","meta":{"ngg_post_thumbnail":0,"ocean_post_layout":"","ocean_both_sidebars_style":"","ocean_both_sidebars_content_width":0,"ocean_both_sidebars_sidebars_width":0,"ocean_sidebar":"","ocean_second_sidebar":"","ocean_disable_margins":"enable","ocean_add_body_class":"","ocean_shortcode_before_top_bar":"","ocean_shortcode_after_top_bar":"","ocean_shortcode_before_header":"","ocean_shortcode_after_header":"","ocean_has_shortcode":"","ocean_shortcode_after_title":"","ocean_shortcode_before_footer_widgets":"","ocean_shortcode_after_footer_widgets":"","ocean_shortcode_before_footer_bottom":"","ocean_shortcode_after_footer_bottom":"","ocean_display_top_bar":"default","ocean_display_header":"default","ocean_header_style":"","ocean_center_header_left_menu":"","ocean_custom_header_template":"","ocean_custom_logo":0,"ocean_custom_retina_logo":0,"ocean_custom_logo_max_width":0,"ocean_custom_logo_tablet_max_width":0,"ocean_custom_logo_mobile_max_width":0,"ocean_custom_logo_max_height":0,"ocean_custom_logo_tablet_max_height":0,"ocean_custom_logo_mobile_max_height":0,"ocean_header_custom_menu":"","ocean_menu_typo_font_family":"","ocean_menu_typo_font_subset":"","ocean_menu_typo_font_size":0,"ocean_menu_typo_font_size_tablet":0,"ocean_menu_typo_font_size_mobile":0,"ocean_menu_typo_font_size_unit":"px","ocean_menu_typo_font_weight":"","ocean_menu_typo_font_weight_tablet":"","ocean_menu_typo_font_weight_mobile":"","ocean_menu_typo_transform":"","ocean_menu_typo_transform_tablet":"","ocean_menu_typo_transform_mobile":"","ocean_menu_typo_line_height":0,"ocean_menu_typo_line_height_tablet":0,"ocean_menu_typo_line_height_mobile":0,"ocean_menu_typo_line_height_unit":"","ocean_menu_typo_spacing":0,"ocean_menu_typo_spacing_tablet":0,"ocean_menu_typo_spacing_mobile":0,"ocean_menu_typo_spacing_unit":"","ocean_menu_link_color":"","ocean_menu_link_color_hover":"","ocean_menu_link_color_active":"","ocean_menu_link_background":"","ocean_menu_link_hover_background":"","ocean_menu_link_active_background":"","ocean_menu_social_links_bg":"","ocean_menu_social_hover_links_bg":"","ocean_menu_social_links_color":"","ocean_menu_social_hover_links_color":"","ocean_disable_title":"default","ocean_disable_heading":"default","ocean_post_title":"","ocean_post_subheading":"","ocean_post_title_style":"","ocean_post_title_background_color":"","ocean_post_title_background":0,"ocean_post_title_bg_image_position":"","ocean_post_title_bg_image_attachment":"","ocean_post_title_bg_image_repeat":"","ocean_post_title_bg_image_size":"","ocean_post_title_height":0,"ocean_post_title_bg_overlay":0.5,"ocean_post_title_bg_overlay_color":"","ocean_disable_breadcrumbs":"default","ocean_breadcrumbs_color":"","ocean_breadcrumbs_separator_color":"","ocean_breadcrumbs_links_color":"","ocean_breadcrumbs_links_hover_color":"","ocean_display_footer_widgets":"default","ocean_display_footer_bottom":"default","ocean_custom_footer_template":""},"mec_category":[24,401],"mec_tag":[2598,339,2600,2601,2603,2599,85,2151,2153,2152,2605,2602,2607,2689,2154,2606,2608,146,2609,451,2690,338,2604],"class_list":["post-2718","mec-events","type-mec-events","status-publish","has-post-thumbnail","hentry","mec_category-kalendar","mec_category-radio","mec_tag-anja-sovagovic-despot","mec_tag-culture-club","mec_tag-dragan-despot","mec_tag-filip-ridicki","mec_tag-ivan-simon","mec_tag-janko-popovic-volaric","mec_tag-kcm","mec_tag-kranjceviceva-16a","mec_tag-kranjceviceva-ulica-16a","mec_tag-kulturni-centar-multimedija","mec_tag-marija-kolb","mec_tag-mateo-videk","mec_tag-milan-trenc","mec_tag-miroslav-krleza","mec_tag-novi-kcm","mec_tag-pero-juricic","mec_tag-poslije-agonije","mec_tag-prosinac-2022","mec_tag-radiodrama","mec_tag-slusaonica","mec_tag-u-agoniji","mec_tag-zagreb","mec_tag-zoran-cubrilo","entry","has-media"],"yoast_head":"<!-- This site is optimized with the Yoast SEO plugin v24.9 - https:\/\/yoast.com\/wordpress\/plugins\/seo\/ -->\n<title>Slu\u0161aonica: Radiodrama Poslije agonije Milana Trenca - KCM<\/title>\n<meta name=\"description\" content=\"Pozivamo vas na slu\u0161aonicu radiodrame &quot;Poslije agonije&quot; - posrijedi je detektivska misterija s ubojstvom prema motivima drame Miroslava Krle\u017ee &quot;U agoniji&quot;.\" \/>\n<meta name=\"robots\" content=\"index, follow, max-snippet:-1, max-image-preview:large, max-video-preview:-1\" \/>\n<link rel=\"canonical\" href=\"https:\/\/portfolio.glazboteka.com\/kcm\/kalendar\/slusaonica-radiodrama-poslije-agonije-milana-trenca\/\" \/>\n<meta property=\"og:locale\" content=\"en_US\" \/>\n<meta property=\"og:type\" content=\"article\" \/>\n<meta property=\"og:title\" content=\"Slu\u0161aonica: Radiodrama Poslije agonije Milana Trenca - KCM\" \/>\n<meta property=\"og:description\" content=\"Pozivamo vas na slu\u0161aonicu radiodrame &quot;Poslije agonije&quot; - posrijedi je detektivska misterija s ubojstvom prema motivima drame Miroslava Krle\u017ee &quot;U agoniji&quot;.\" \/>\n<meta property=\"og:url\" content=\"https:\/\/portfolio.glazboteka.com\/kcm\/kalendar\/slusaonica-radiodrama-poslije-agonije-milana-trenca\/\" \/>\n<meta property=\"og:site_name\" content=\"KCM\" \/>\n<meta property=\"article:publisher\" content=\"https:\/\/www.facebook.com\/KCMedija\/\" \/>\n<meta property=\"article:modified_time\" content=\"2023-04-08T15:11:31+00:00\" \/>\n<meta property=\"og:image\" content=\"https:\/\/portfolio.glazboteka.com\/kcm\/wp-content\/uploads\/2022\/12\/radiodrama_poslije-agonije.jpg\" \/>\n\t<meta property=\"og:image:width\" content=\"1195\" \/>\n\t<meta property=\"og:image:height\" content=\"1439\" \/>\n\t<meta property=\"og:image:type\" content=\"image\/jpeg\" \/>\n<meta name=\"twitter:card\" content=\"summary_large_image\" \/>\n<meta name=\"twitter:label1\" content=\"Est. reading time\" \/>\n\t<meta name=\"twitter:data1\" content=\"1 minute\" \/>\n<script type=\"application\/ld+json\" class=\"yoast-schema-graph\">{\"@context\":\"https:\/\/schema.org\",\"@graph\":[{\"@type\":\"WebPage\",\"@id\":\"https:\/\/portfolio.glazboteka.com\/kcm\/kalendar\/slusaonica-radiodrama-poslije-agonije-milana-trenca\/\",\"url\":\"https:\/\/portfolio.glazboteka.com\/kcm\/kalendar\/slusaonica-radiodrama-poslije-agonije-milana-trenca\/\",\"name\":\"Slu\u0161aonica: Radiodrama Poslije agonije Milana Trenca - KCM\",\"isPartOf\":{\"@id\":\"https:\/\/portfolio.glazboteka.com\/kcm\/#website\"},\"primaryImageOfPage\":{\"@id\":\"https:\/\/portfolio.glazboteka.com\/kcm\/kalendar\/slusaonica-radiodrama-poslije-agonije-milana-trenca\/#primaryimage\"},\"image\":{\"@id\":\"https:\/\/portfolio.glazboteka.com\/kcm\/kalendar\/slusaonica-radiodrama-poslije-agonije-milana-trenca\/#primaryimage\"},\"thumbnailUrl\":\"https:\/\/portfolio.glazboteka.com\/kcm\/wp-content\/uploads\/2022\/12\/radiodrama_poslije-agonije.jpg\",\"datePublished\":\"2022-12-08T12:07:49+00:00\",\"dateModified\":\"2023-04-08T15:11:31+00:00\",\"description\":\"Pozivamo vas na slu\u0161aonicu radiodrame \\\"Poslije agonije\\\" - posrijedi je detektivska misterija s ubojstvom prema motivima drame Miroslava Krle\u017ee \\\"U agoniji\\\".\",\"breadcrumb\":{\"@id\":\"https:\/\/portfolio.glazboteka.com\/kcm\/kalendar\/slusaonica-radiodrama-poslije-agonije-milana-trenca\/#breadcrumb\"},\"inLanguage\":\"en-US\",\"potentialAction\":[{\"@type\":\"ReadAction\",\"target\":[\"https:\/\/portfolio.glazboteka.com\/kcm\/kalendar\/slusaonica-radiodrama-poslije-agonije-milana-trenca\/\"]}]},{\"@type\":\"ImageObject\",\"inLanguage\":\"en-US\",\"@id\":\"https:\/\/portfolio.glazboteka.com\/kcm\/kalendar\/slusaonica-radiodrama-poslije-agonije-milana-trenca\/#primaryimage\",\"url\":\"https:\/\/portfolio.glazboteka.com\/kcm\/wp-content\/uploads\/2022\/12\/radiodrama_poslije-agonije.jpg\",\"contentUrl\":\"https:\/\/portfolio.glazboteka.com\/kcm\/wp-content\/uploads\/2022\/12\/radiodrama_poslije-agonije.jpg\",\"width\":1195,\"height\":1439},{\"@type\":\"BreadcrumbList\",\"@id\":\"https:\/\/portfolio.glazboteka.com\/kcm\/kalendar\/slusaonica-radiodrama-poslije-agonije-milana-trenca\/#breadcrumb\",\"itemListElement\":[{\"@type\":\"ListItem\",\"position\":1,\"name\":\"Events\",\"item\":\"https:\/\/portfolio.glazboteka.com\/kcm\/kalendar\/\"},{\"@type\":\"ListItem\",\"position\":2,\"name\":\"Slu\u0161aonica: Radiodrama Poslije agonije Milana Trenca\"}]},{\"@type\":\"WebSite\",\"@id\":\"https:\/\/portfolio.glazboteka.com\/kcm\/#website\",\"url\":\"https:\/\/portfolio.glazboteka.com\/kcm\/\",\"name\":\"KCM\",\"description\":\"Kulturni centar Multimedija\",\"publisher\":{\"@id\":\"https:\/\/portfolio.glazboteka.com\/kcm\/#organization\"},\"potentialAction\":[{\"@type\":\"SearchAction\",\"target\":{\"@type\":\"EntryPoint\",\"urlTemplate\":\"https:\/\/portfolio.glazboteka.com\/kcm\/?s={search_term_string}\"},\"query-input\":{\"@type\":\"PropertyValueSpecification\",\"valueRequired\":true,\"valueName\":\"search_term_string\"}}],\"inLanguage\":\"en-US\"},{\"@type\":\"Organization\",\"@id\":\"https:\/\/portfolio.glazboteka.com\/kcm\/#organization\",\"name\":\"KCM\",\"url\":\"https:\/\/portfolio.glazboteka.com\/kcm\/\",\"logo\":{\"@type\":\"ImageObject\",\"inLanguage\":\"en-US\",\"@id\":\"https:\/\/portfolio.glazboteka.com\/kcm\/#\/schema\/logo\/image\/\",\"url\":\"https:\/\/portfolio.glazboteka.com\/kcm\/wp-content\/uploads\/2022\/10\/KCM.jpg\",\"contentUrl\":\"https:\/\/portfolio.glazboteka.com\/kcm\/wp-content\/uploads\/2022\/10\/KCM.jpg\",\"width\":476,\"height\":419,\"caption\":\"KCM\"},\"image\":{\"@id\":\"https:\/\/portfolio.glazboteka.com\/kcm\/#\/schema\/logo\/image\/\"},\"sameAs\":[\"https:\/\/www.facebook.com\/KCMedija\/\",\"https:\/\/www.instagram.com\/kulturni_centar_mesnicka\/\"]}]}<\/script>\n<!-- \/ Yoast SEO plugin. -->","yoast_head_json":{"title":"Slu\u0161aonica: Radiodrama Poslije agonije Milana Trenca - KCM","description":"Pozivamo vas na slu\u0161aonicu radiodrame \"Poslije agonije\" - posrijedi je detektivska misterija s ubojstvom prema motivima drame Miroslava Krle\u017ee \"U agoniji\".","robots":{"index":"index","follow":"follow","max-snippet":"max-snippet:-1","max-image-preview":"max-image-preview:large","max-video-preview":"max-video-preview:-1"},"canonical":"https:\/\/portfolio.glazboteka.com\/kcm\/kalendar\/slusaonica-radiodrama-poslije-agonije-milana-trenca\/","og_locale":"en_US","og_type":"article","og_title":"Slu\u0161aonica: Radiodrama Poslije agonije Milana Trenca - KCM","og_description":"Pozivamo vas na slu\u0161aonicu radiodrame \"Poslije agonije\" - posrijedi je detektivska misterija s ubojstvom prema motivima drame Miroslava Krle\u017ee \"U agoniji\".","og_url":"https:\/\/portfolio.glazboteka.com\/kcm\/kalendar\/slusaonica-radiodrama-poslije-agonije-milana-trenca\/","og_site_name":"KCM","article_publisher":"https:\/\/www.facebook.com\/KCMedija\/","article_modified_time":"2023-04-08T15:11:31+00:00","og_image":[{"width":1195,"height":1439,"url":"https:\/\/portfolio.glazboteka.com\/kcm\/wp-content\/uploads\/2022\/12\/radiodrama_poslije-agonije.jpg","type":"image\/jpeg"}],"twitter_card":"summary_large_image","twitter_misc":{"Est. reading time":"1 minute"},"schema":{"@context":"https:\/\/schema.org","@graph":[{"@type":"WebPage","@id":"https:\/\/portfolio.glazboteka.com\/kcm\/kalendar\/slusaonica-radiodrama-poslije-agonije-milana-trenca\/","url":"https:\/\/portfolio.glazboteka.com\/kcm\/kalendar\/slusaonica-radiodrama-poslije-agonije-milana-trenca\/","name":"Slu\u0161aonica: Radiodrama Poslije agonije Milana Trenca - KCM","isPartOf":{"@id":"https:\/\/portfolio.glazboteka.com\/kcm\/#website"},"primaryImageOfPage":{"@id":"https:\/\/portfolio.glazboteka.com\/kcm\/kalendar\/slusaonica-radiodrama-poslije-agonije-milana-trenca\/#primaryimage"},"image":{"@id":"https:\/\/portfolio.glazboteka.com\/kcm\/kalendar\/slusaonica-radiodrama-poslije-agonije-milana-trenca\/#primaryimage"},"thumbnailUrl":"https:\/\/portfolio.glazboteka.com\/kcm\/wp-content\/uploads\/2022\/12\/radiodrama_poslije-agonije.jpg","datePublished":"2022-12-08T12:07:49+00:00","dateModified":"2023-04-08T15:11:31+00:00","description":"Pozivamo vas na slu\u0161aonicu radiodrame \"Poslije agonije\" - posrijedi je detektivska misterija s ubojstvom prema motivima drame Miroslava Krle\u017ee \"U agoniji\".","breadcrumb":{"@id":"https:\/\/portfolio.glazboteka.com\/kcm\/kalendar\/slusaonica-radiodrama-poslije-agonije-milana-trenca\/#breadcrumb"},"inLanguage":"en-US","potentialAction":[{"@type":"ReadAction","target":["https:\/\/portfolio.glazboteka.com\/kcm\/kalendar\/slusaonica-radiodrama-poslije-agonije-milana-trenca\/"]}]},{"@type":"ImageObject","inLanguage":"en-US","@id":"https:\/\/portfolio.glazboteka.com\/kcm\/kalendar\/slusaonica-radiodrama-poslije-agonije-milana-trenca\/#primaryimage","url":"https:\/\/portfolio.glazboteka.com\/kcm\/wp-content\/uploads\/2022\/12\/radiodrama_poslije-agonije.jpg","contentUrl":"https:\/\/portfolio.glazboteka.com\/kcm\/wp-content\/uploads\/2022\/12\/radiodrama_poslije-agonije.jpg","width":1195,"height":1439},{"@type":"BreadcrumbList","@id":"https:\/\/portfolio.glazboteka.com\/kcm\/kalendar\/slusaonica-radiodrama-poslije-agonije-milana-trenca\/#breadcrumb","itemListElement":[{"@type":"ListItem","position":1,"name":"Events","item":"https:\/\/portfolio.glazboteka.com\/kcm\/kalendar\/"},{"@type":"ListItem","position":2,"name":"Slu\u0161aonica: Radiodrama Poslije agonije Milana Trenca"}]},{"@type":"WebSite","@id":"https:\/\/portfolio.glazboteka.com\/kcm\/#website","url":"https:\/\/portfolio.glazboteka.com\/kcm\/","name":"KCM","description":"Kulturni centar Multimedija","publisher":{"@id":"https:\/\/portfolio.glazboteka.com\/kcm\/#organization"},"potentialAction":[{"@type":"SearchAction","target":{"@type":"EntryPoint","urlTemplate":"https:\/\/portfolio.glazboteka.com\/kcm\/?s={search_term_string}"},"query-input":{"@type":"PropertyValueSpecification","valueRequired":true,"valueName":"search_term_string"}}],"inLanguage":"en-US"},{"@type":"Organization","@id":"https:\/\/portfolio.glazboteka.com\/kcm\/#organization","name":"KCM","url":"https:\/\/portfolio.glazboteka.com\/kcm\/","logo":{"@type":"ImageObject","inLanguage":"en-US","@id":"https:\/\/portfolio.glazboteka.com\/kcm\/#\/schema\/logo\/image\/","url":"https:\/\/portfolio.glazboteka.com\/kcm\/wp-content\/uploads\/2022\/10\/KCM.jpg","contentUrl":"https:\/\/portfolio.glazboteka.com\/kcm\/wp-content\/uploads\/2022\/10\/KCM.jpg","width":476,"height":419,"caption":"KCM"},"image":{"@id":"https:\/\/portfolio.glazboteka.com\/kcm\/#\/schema\/logo\/image\/"},"sameAs":["https:\/\/www.facebook.com\/KCMedija\/","https:\/\/www.instagram.com\/kulturni_centar_mesnicka\/"]}]}},"_links":{"self":[{"href":"https:\/\/portfolio.glazboteka.com\/kcm\/wp-json\/wp\/v2\/mec-events\/2718","targetHints":{"allow":["GET"]}}],"collection":[{"href":"https:\/\/portfolio.glazboteka.com\/kcm\/wp-json\/wp\/v2\/mec-events"}],"about":[{"href":"https:\/\/portfolio.glazboteka.com\/kcm\/wp-json\/wp\/v2\/types\/mec-events"}],"author":[{"embeddable":true,"href":"https:\/\/portfolio.glazboteka.com\/kcm\/wp-json\/wp\/v2\/users\/1"}],"replies":[{"embeddable":true,"href":"https:\/\/portfolio.glazboteka.com\/kcm\/wp-json\/wp\/v2\/comments?post=2718"}],"wp:featuredmedia":[{"embeddable":true,"href":"https:\/\/portfolio.glazboteka.com\/kcm\/wp-json\/wp\/v2\/media\/2719"}],"wp:attachment":[{"href":"https:\/\/portfolio.glazboteka.com\/kcm\/wp-json\/wp\/v2\/media?parent=2718"}],"wp:term":[{"taxonomy":"mec_category","embeddable":true,"href":"https:\/\/portfolio.glazboteka.com\/kcm\/wp-json\/wp\/v2\/mec_category?post=2718"},{"taxonomy":"mec_tag","embeddable":true,"href":"https:\/\/portfolio.glazboteka.com\/kcm\/wp-json\/wp\/v2\/mec_tag?post=2718"}],"curies":[{"name":"wp","href":"https:\/\/api.w.org\/{rel}","templated":true}]}}