{"id":3441,"date":"2023-01-27T02:21:44","date_gmt":"2023-01-27T01:21:44","guid":{"rendered":"https:\/\/portfolio.glazboteka.com\/kcm\/?post_type=mec-events&#038;p=3441"},"modified":"2023-06-10T20:11:06","modified_gmt":"2023-06-10T18:11:06","slug":"ratko-divjak-trio-live-at-kcm","status":"publish","type":"mec-events","link":"https:\/\/portfolio.glazboteka.com\/kcm\/kalendar\/ratko-divjak-trio-live-at-kcm\/","title":{"rendered":"Ratko Divjak trio &#8211; Live at KCM"},"content":{"rendered":"<p>Bubnjarska d\u017eez-legenda Ratko Divjak sna\u017eno je utjecao na glazbenu scenu na podru\u010dju biv\u0161e dr\u017eave, a i u inozemstvu. Iza njega je \u0161arena karijera koju je zapo\u010deo u <em>rock<\/em>-bendu Dinamiti iz Osijeka, nakon toga ostavio je trag s legendarnom <em>rock<\/em>-grupom Time, a potom je osvojio svijet d\u017eeza. Dugi niz godina djelovao je u orkestru Big Banda RTV SLO, nastupao je na brojnim snimanjima i koncertima orkestra te s razli\u010ditim poznatim sastavima poput Ugrin-Divjak kvinteta te solistima kao \u0161to su Petar Ugrin, Bo\u0161ko Petrovi\u0107, Du\u0161ko Gojkovi\u0107, Stjepko Gut, Primo\u017e Gra\u0161i\u010d, Jure Pukl, Jani Moder, Adam Klemm, Ale\u0161 Avbelj, Bla\u017e Jurjev\u010di\u010d, Bla\u017e Tr\u010dek i drugi. Nastupao je u razli\u010ditim inozemnim ansamblima diljem svijeta te na d\u017eez-festivalima u Montereyu, Los Angelesu, Sacramentu, Montreuxu, Berlinu i Bologni. Svirao je s mnogim svjetski poznatim glazbenicima kao \u0161to su Art Farmer, Gary Burton, Stan Getz, Joe Pass, N. H. O. P. Pedersen, Sal Nistico, Albert Mangelsdorf, Dave Libman, Tony Coe, Ferdinand Powel, Gianni Basso, Richard Davis, Joe Pass, Mike Stern, Steve Swallow itd. Svirao je s Big Bandom RTV SLO pod dirigentskom palicom Jo\u017ee Priv\u0161eka, a nakon njegova odlaska sura\u0111ivao je s mnogim poznatim dirigentima (Herb Pomeroy, Michael Abene, Ed Partyka, Peter Herbolzheimer, Mercer Ellington, Maria Schneider, Jerry van Rooyen, Carla Bley, Mike Westbrook, David Murray, George Lewis, Bill Holman, Bob Mintzer, Lalo Schifrin&#8230;).<\/p>\n<p>Ve\u010deras s njim nastupaju Bruno Mileti\u0107 i Joe Kaplowitz. Taj trio iza sebe ima brojne nastupe na festivalima u regiji te jedan album koji je snimio 2012. godine u studiju Radio Pule, a njeguje <em>bebop<\/em>, <em>mainstream<\/em> te <em>blues<\/em>. Rije\u010d je respektabilnim muzi\u010darima na hrvatskoj i svjetskoj sceni koji su ostavili trag na mnogim albumima i u mnogim <em>jazz<\/em>-sastavima.<\/p>\n<p>Rezervacije su <a href=\"https:\/\/portfolio.glazboteka.com\/kcm\/rezervacije\/\">obavezne<\/a>, a preporu\u010dujemo donacije od pet do \u0161est eura.<\/p>\n","protected":false},"excerpt":{"rendered":"<p>Ve\u010deras s Ratkom nastupaju Bruno Mileti\u0107 i Joe Kaplowitz. Taj trio iza sebe ima brojne nastupe na festivalima u regiji te jedan album koji je snimio 2012. godine u studiju Radio Pule.<\/p>\n","protected":false},"author":1,"featured_media":3442,"comment_status":"open","ping_status":"closed","template":"","meta":{"ngg_post_thumbnail":0,"ocean_post_layout":"","ocean_both_sidebars_style":"","ocean_both_sidebars_content_width":0,"ocean_both_sidebars_sidebars_width":0,"ocean_sidebar":"","ocean_second_sidebar":"","ocean_disable_margins":"enable","ocean_add_body_class":"","ocean_shortcode_before_top_bar":"","ocean_shortcode_after_top_bar":"","ocean_shortcode_before_header":"","ocean_shortcode_after_header":"","ocean_has_shortcode":"","ocean_shortcode_after_title":"","ocean_shortcode_before_footer_widgets":"","ocean_shortcode_after_footer_widgets":"","ocean_shortcode_before_footer_bottom":"","ocean_shortcode_after_footer_bottom":"","ocean_display_top_bar":"default","ocean_display_header":"default","ocean_header_style":"","ocean_center_header_left_menu":"","ocean_custom_header_template":"","ocean_custom_logo":0,"ocean_custom_retina_logo":0,"ocean_custom_logo_max_width":0,"ocean_custom_logo_tablet_max_width":0,"ocean_custom_logo_mobile_max_width":0,"ocean_custom_logo_max_height":0,"ocean_custom_logo_tablet_max_height":0,"ocean_custom_logo_mobile_max_height":0,"ocean_header_custom_menu":"","ocean_menu_typo_font_family":"","ocean_menu_typo_font_subset":"","ocean_menu_typo_font_size":0,"ocean_menu_typo_font_size_tablet":0,"ocean_menu_typo_font_size_mobile":0,"ocean_menu_typo_font_size_unit":"px","ocean_menu_typo_font_weight":"","ocean_menu_typo_font_weight_tablet":"","ocean_menu_typo_font_weight_mobile":"","ocean_menu_typo_transform":"","ocean_menu_typo_transform_tablet":"","ocean_menu_typo_transform_mobile":"","ocean_menu_typo_line_height":0,"ocean_menu_typo_line_height_tablet":0,"ocean_menu_typo_line_height_mobile":0,"ocean_menu_typo_line_height_unit":"","ocean_menu_typo_spacing":0,"ocean_menu_typo_spacing_tablet":0,"ocean_menu_typo_spacing_mobile":0,"ocean_menu_typo_spacing_unit":"","ocean_menu_link_color":"","ocean_menu_link_color_hover":"","ocean_menu_link_color_active":"","ocean_menu_link_background":"","ocean_menu_link_hover_background":"","ocean_menu_link_active_background":"","ocean_menu_social_links_bg":"","ocean_menu_social_hover_links_bg":"","ocean_menu_social_links_color":"","ocean_menu_social_hover_links_color":"","ocean_disable_title":"default","ocean_disable_heading":"default","ocean_post_title":"","ocean_post_subheading":"","ocean_post_title_style":"","ocean_post_title_background_color":"","ocean_post_title_background":0,"ocean_post_title_bg_image_position":"","ocean_post_title_bg_image_attachment":"","ocean_post_title_bg_image_repeat":"","ocean_post_title_bg_image_size":"","ocean_post_title_height":0,"ocean_post_title_bg_overlay":0.5,"ocean_post_title_bg_overlay_color":"","ocean_disable_breadcrumbs":"default","ocean_breadcrumbs_color":"","ocean_breadcrumbs_separator_color":"","ocean_breadcrumbs_links_color":"","ocean_breadcrumbs_links_hover_color":"","ocean_display_footer_widgets":"default","ocean_display_footer_bottom":"default","ocean_custom_footer_template":""},"mec_category":[24],"mec_tag":[270,284,271,278,272,273,264,3485,341,285,275,265,274,287,279,288,269,292,3486,281,268,85,6083,86,2151,2153,2152,674,290,282,2154,3077,263,267,261,262,289,283,280,291,266,276,286,338],"class_list":["post-3441","mec-events","type-mec-events","status-publish","has-post-thumbnail","hentry","mec_category-kalendar","mec_tag-adam-klemm","mec_tag-albert-mangelsdorf","mec_tag-ales-avbelj","mec_tag-art-farmer","mec_tag-blaz-jurjevcic","mec_tag-blaz-trcek","mec_tag-bosko-petrovic","mec_tag-bruno-miletic","mec_tag-concert","mec_tag-dave-libman","mec_tag-dinamiti","mec_tag-dusko-gojkovic","mec_tag-dzez","mec_tag-ferdinand-powel","mec_tag-gary-burton","mec_tag-gianni-basso","mec_tag-jani-moder","mec_tag-jazz","mec_tag-joe-kaplowitz","mec_tag-joe-pass","mec_tag-jure-pukl","mec_tag-kcm","mec_tag-kcm-uzivo","mec_tag-koncert","mec_tag-kranjceviceva-16a","mec_tag-kranjceviceva-ulica-16a","mec_tag-kulturni-centar-multimedija","mec_tag-live-at-kcm","mec_tag-mike-stern","mec_tag-n-h-o-p-pedersen","mec_tag-novi-kcm","mec_tag-ozujak-2023","mec_tag-petar-ugrin","mec_tag-primoz-grasic","mec_tag-ratko-divjak","mec_tag-ratko-divjak-trio","mec_tag-richard-davis","mec_tag-sal-nistico","mec_tag-stan-getz","mec_tag-steve-swallow","mec_tag-stjepko-gut","mec_tag-time","mec_tag-tony-coe","mec_tag-zagreb","entry","has-media"],"yoast_head":"<!-- This site is optimized with the Yoast SEO plugin v24.9 - https:\/\/yoast.com\/wordpress\/plugins\/seo\/ -->\n<title>Ratko Divjak trio - Live at KCM - KCM<\/title>\n<meta name=\"description\" content=\"Ve\u010deras s Ratkom nastupaju Bruno Mileti\u0107 i Joe Kaplowitz. Taj trio iza sebe ima brojne nastupe na festivalima te album koji je snimio 2012. godine...\" \/>\n<meta name=\"robots\" content=\"index, follow, max-snippet:-1, max-image-preview:large, max-video-preview:-1\" \/>\n<link rel=\"canonical\" href=\"https:\/\/portfolio.glazboteka.com\/kcm\/kalendar\/ratko-divjak-trio-live-at-kcm\/\" \/>\n<meta property=\"og:locale\" content=\"en_US\" \/>\n<meta property=\"og:type\" content=\"article\" \/>\n<meta property=\"og:title\" content=\"Ratko Divjak trio - Live at KCM - KCM\" \/>\n<meta property=\"og:description\" content=\"Ve\u010deras s Ratkom nastupaju Bruno Mileti\u0107 i Joe Kaplowitz. Taj trio iza sebe ima brojne nastupe na festivalima te album koji je snimio 2012. godine...\" \/>\n<meta property=\"og:url\" content=\"https:\/\/portfolio.glazboteka.com\/kcm\/kalendar\/ratko-divjak-trio-live-at-kcm\/\" \/>\n<meta property=\"og:site_name\" content=\"KCM\" \/>\n<meta property=\"article:publisher\" content=\"https:\/\/www.facebook.com\/KCMedija\/\" \/>\n<meta property=\"article:modified_time\" content=\"2023-06-10T18:11:06+00:00\" \/>\n<meta property=\"og:image\" content=\"https:\/\/portfolio.glazboteka.com\/kcm\/wp-content\/uploads\/2023\/01\/Divjak.jpg\" \/>\n\t<meta property=\"og:image:width\" content=\"1080\" \/>\n\t<meta property=\"og:image:height\" content=\"565\" \/>\n\t<meta property=\"og:image:type\" content=\"image\/jpeg\" \/>\n<meta name=\"twitter:card\" content=\"summary_large_image\" \/>\n<meta name=\"twitter:label1\" content=\"Est. reading time\" \/>\n\t<meta name=\"twitter:data1\" content=\"2 minutes\" \/>\n<script type=\"application\/ld+json\" class=\"yoast-schema-graph\">{\"@context\":\"https:\/\/schema.org\",\"@graph\":[{\"@type\":\"WebPage\",\"@id\":\"https:\/\/portfolio.glazboteka.com\/kcm\/kalendar\/ratko-divjak-trio-live-at-kcm\/\",\"url\":\"https:\/\/portfolio.glazboteka.com\/kcm\/kalendar\/ratko-divjak-trio-live-at-kcm\/\",\"name\":\"Ratko Divjak trio - Live at KCM - KCM\",\"isPartOf\":{\"@id\":\"https:\/\/portfolio.glazboteka.com\/kcm\/#website\"},\"primaryImageOfPage\":{\"@id\":\"https:\/\/portfolio.glazboteka.com\/kcm\/kalendar\/ratko-divjak-trio-live-at-kcm\/#primaryimage\"},\"image\":{\"@id\":\"https:\/\/portfolio.glazboteka.com\/kcm\/kalendar\/ratko-divjak-trio-live-at-kcm\/#primaryimage\"},\"thumbnailUrl\":\"https:\/\/portfolio.glazboteka.com\/kcm\/wp-content\/uploads\/2023\/01\/Divjak.jpg\",\"datePublished\":\"2023-01-27T01:21:44+00:00\",\"dateModified\":\"2023-06-10T18:11:06+00:00\",\"description\":\"Ve\u010deras s Ratkom nastupaju Bruno Mileti\u0107 i Joe Kaplowitz. Taj trio iza sebe ima brojne nastupe na festivalima te album koji je snimio 2012. godine...\",\"breadcrumb\":{\"@id\":\"https:\/\/portfolio.glazboteka.com\/kcm\/kalendar\/ratko-divjak-trio-live-at-kcm\/#breadcrumb\"},\"inLanguage\":\"en-US\",\"potentialAction\":[{\"@type\":\"ReadAction\",\"target\":[\"https:\/\/portfolio.glazboteka.com\/kcm\/kalendar\/ratko-divjak-trio-live-at-kcm\/\"]}]},{\"@type\":\"ImageObject\",\"inLanguage\":\"en-US\",\"@id\":\"https:\/\/portfolio.glazboteka.com\/kcm\/kalendar\/ratko-divjak-trio-live-at-kcm\/#primaryimage\",\"url\":\"https:\/\/portfolio.glazboteka.com\/kcm\/wp-content\/uploads\/2023\/01\/Divjak.jpg\",\"contentUrl\":\"https:\/\/portfolio.glazboteka.com\/kcm\/wp-content\/uploads\/2023\/01\/Divjak.jpg\",\"width\":1080,\"height\":565},{\"@type\":\"BreadcrumbList\",\"@id\":\"https:\/\/portfolio.glazboteka.com\/kcm\/kalendar\/ratko-divjak-trio-live-at-kcm\/#breadcrumb\",\"itemListElement\":[{\"@type\":\"ListItem\",\"position\":1,\"name\":\"Events\",\"item\":\"https:\/\/portfolio.glazboteka.com\/kcm\/kalendar\/\"},{\"@type\":\"ListItem\",\"position\":2,\"name\":\"Ratko Divjak trio &#8211; Live at KCM\"}]},{\"@type\":\"WebSite\",\"@id\":\"https:\/\/portfolio.glazboteka.com\/kcm\/#website\",\"url\":\"https:\/\/portfolio.glazboteka.com\/kcm\/\",\"name\":\"KCM\",\"description\":\"Kulturni centar Multimedija\",\"publisher\":{\"@id\":\"https:\/\/portfolio.glazboteka.com\/kcm\/#organization\"},\"potentialAction\":[{\"@type\":\"SearchAction\",\"target\":{\"@type\":\"EntryPoint\",\"urlTemplate\":\"https:\/\/portfolio.glazboteka.com\/kcm\/?s={search_term_string}\"},\"query-input\":{\"@type\":\"PropertyValueSpecification\",\"valueRequired\":true,\"valueName\":\"search_term_string\"}}],\"inLanguage\":\"en-US\"},{\"@type\":\"Organization\",\"@id\":\"https:\/\/portfolio.glazboteka.com\/kcm\/#organization\",\"name\":\"KCM\",\"url\":\"https:\/\/portfolio.glazboteka.com\/kcm\/\",\"logo\":{\"@type\":\"ImageObject\",\"inLanguage\":\"en-US\",\"@id\":\"https:\/\/portfolio.glazboteka.com\/kcm\/#\/schema\/logo\/image\/\",\"url\":\"https:\/\/portfolio.glazboteka.com\/kcm\/wp-content\/uploads\/2022\/10\/KCM.jpg\",\"contentUrl\":\"https:\/\/portfolio.glazboteka.com\/kcm\/wp-content\/uploads\/2022\/10\/KCM.jpg\",\"width\":476,\"height\":419,\"caption\":\"KCM\"},\"image\":{\"@id\":\"https:\/\/portfolio.glazboteka.com\/kcm\/#\/schema\/logo\/image\/\"},\"sameAs\":[\"https:\/\/www.facebook.com\/KCMedija\/\",\"https:\/\/www.instagram.com\/kulturni_centar_mesnicka\/\"]}]}<\/script>\n<!-- \/ Yoast SEO plugin. -->","yoast_head_json":{"title":"Ratko Divjak trio - Live at KCM - KCM","description":"Ve\u010deras s Ratkom nastupaju Bruno Mileti\u0107 i Joe Kaplowitz. Taj trio iza sebe ima brojne nastupe na festivalima te album koji je snimio 2012. godine...","robots":{"index":"index","follow":"follow","max-snippet":"max-snippet:-1","max-image-preview":"max-image-preview:large","max-video-preview":"max-video-preview:-1"},"canonical":"https:\/\/portfolio.glazboteka.com\/kcm\/kalendar\/ratko-divjak-trio-live-at-kcm\/","og_locale":"en_US","og_type":"article","og_title":"Ratko Divjak trio - Live at KCM - KCM","og_description":"Ve\u010deras s Ratkom nastupaju Bruno Mileti\u0107 i Joe Kaplowitz. Taj trio iza sebe ima brojne nastupe na festivalima te album koji je snimio 2012. godine...","og_url":"https:\/\/portfolio.glazboteka.com\/kcm\/kalendar\/ratko-divjak-trio-live-at-kcm\/","og_site_name":"KCM","article_publisher":"https:\/\/www.facebook.com\/KCMedija\/","article_modified_time":"2023-06-10T18:11:06+00:00","og_image":[{"width":1080,"height":565,"url":"https:\/\/portfolio.glazboteka.com\/kcm\/wp-content\/uploads\/2023\/01\/Divjak.jpg","type":"image\/jpeg"}],"twitter_card":"summary_large_image","twitter_misc":{"Est. reading time":"2 minutes"},"schema":{"@context":"https:\/\/schema.org","@graph":[{"@type":"WebPage","@id":"https:\/\/portfolio.glazboteka.com\/kcm\/kalendar\/ratko-divjak-trio-live-at-kcm\/","url":"https:\/\/portfolio.glazboteka.com\/kcm\/kalendar\/ratko-divjak-trio-live-at-kcm\/","name":"Ratko Divjak trio - Live at KCM - KCM","isPartOf":{"@id":"https:\/\/portfolio.glazboteka.com\/kcm\/#website"},"primaryImageOfPage":{"@id":"https:\/\/portfolio.glazboteka.com\/kcm\/kalendar\/ratko-divjak-trio-live-at-kcm\/#primaryimage"},"image":{"@id":"https:\/\/portfolio.glazboteka.com\/kcm\/kalendar\/ratko-divjak-trio-live-at-kcm\/#primaryimage"},"thumbnailUrl":"https:\/\/portfolio.glazboteka.com\/kcm\/wp-content\/uploads\/2023\/01\/Divjak.jpg","datePublished":"2023-01-27T01:21:44+00:00","dateModified":"2023-06-10T18:11:06+00:00","description":"Ve\u010deras s Ratkom nastupaju Bruno Mileti\u0107 i Joe Kaplowitz. Taj trio iza sebe ima brojne nastupe na festivalima te album koji je snimio 2012. godine...","breadcrumb":{"@id":"https:\/\/portfolio.glazboteka.com\/kcm\/kalendar\/ratko-divjak-trio-live-at-kcm\/#breadcrumb"},"inLanguage":"en-US","potentialAction":[{"@type":"ReadAction","target":["https:\/\/portfolio.glazboteka.com\/kcm\/kalendar\/ratko-divjak-trio-live-at-kcm\/"]}]},{"@type":"ImageObject","inLanguage":"en-US","@id":"https:\/\/portfolio.glazboteka.com\/kcm\/kalendar\/ratko-divjak-trio-live-at-kcm\/#primaryimage","url":"https:\/\/portfolio.glazboteka.com\/kcm\/wp-content\/uploads\/2023\/01\/Divjak.jpg","contentUrl":"https:\/\/portfolio.glazboteka.com\/kcm\/wp-content\/uploads\/2023\/01\/Divjak.jpg","width":1080,"height":565},{"@type":"BreadcrumbList","@id":"https:\/\/portfolio.glazboteka.com\/kcm\/kalendar\/ratko-divjak-trio-live-at-kcm\/#breadcrumb","itemListElement":[{"@type":"ListItem","position":1,"name":"Events","item":"https:\/\/portfolio.glazboteka.com\/kcm\/kalendar\/"},{"@type":"ListItem","position":2,"name":"Ratko Divjak trio &#8211; Live at KCM"}]},{"@type":"WebSite","@id":"https:\/\/portfolio.glazboteka.com\/kcm\/#website","url":"https:\/\/portfolio.glazboteka.com\/kcm\/","name":"KCM","description":"Kulturni centar Multimedija","publisher":{"@id":"https:\/\/portfolio.glazboteka.com\/kcm\/#organization"},"potentialAction":[{"@type":"SearchAction","target":{"@type":"EntryPoint","urlTemplate":"https:\/\/portfolio.glazboteka.com\/kcm\/?s={search_term_string}"},"query-input":{"@type":"PropertyValueSpecification","valueRequired":true,"valueName":"search_term_string"}}],"inLanguage":"en-US"},{"@type":"Organization","@id":"https:\/\/portfolio.glazboteka.com\/kcm\/#organization","name":"KCM","url":"https:\/\/portfolio.glazboteka.com\/kcm\/","logo":{"@type":"ImageObject","inLanguage":"en-US","@id":"https:\/\/portfolio.glazboteka.com\/kcm\/#\/schema\/logo\/image\/","url":"https:\/\/portfolio.glazboteka.com\/kcm\/wp-content\/uploads\/2022\/10\/KCM.jpg","contentUrl":"https:\/\/portfolio.glazboteka.com\/kcm\/wp-content\/uploads\/2022\/10\/KCM.jpg","width":476,"height":419,"caption":"KCM"},"image":{"@id":"https:\/\/portfolio.glazboteka.com\/kcm\/#\/schema\/logo\/image\/"},"sameAs":["https:\/\/www.facebook.com\/KCMedija\/","https:\/\/www.instagram.com\/kulturni_centar_mesnicka\/"]}]}},"_links":{"self":[{"href":"https:\/\/portfolio.glazboteka.com\/kcm\/wp-json\/wp\/v2\/mec-events\/3441","targetHints":{"allow":["GET"]}}],"collection":[{"href":"https:\/\/portfolio.glazboteka.com\/kcm\/wp-json\/wp\/v2\/mec-events"}],"about":[{"href":"https:\/\/portfolio.glazboteka.com\/kcm\/wp-json\/wp\/v2\/types\/mec-events"}],"author":[{"embeddable":true,"href":"https:\/\/portfolio.glazboteka.com\/kcm\/wp-json\/wp\/v2\/users\/1"}],"replies":[{"embeddable":true,"href":"https:\/\/portfolio.glazboteka.com\/kcm\/wp-json\/wp\/v2\/comments?post=3441"}],"wp:featuredmedia":[{"embeddable":true,"href":"https:\/\/portfolio.glazboteka.com\/kcm\/wp-json\/wp\/v2\/media\/3442"}],"wp:attachment":[{"href":"https:\/\/portfolio.glazboteka.com\/kcm\/wp-json\/wp\/v2\/media?parent=3441"}],"wp:term":[{"taxonomy":"mec_category","embeddable":true,"href":"https:\/\/portfolio.glazboteka.com\/kcm\/wp-json\/wp\/v2\/mec_category?post=3441"},{"taxonomy":"mec_tag","embeddable":true,"href":"https:\/\/portfolio.glazboteka.com\/kcm\/wp-json\/wp\/v2\/mec_tag?post=3441"}],"curies":[{"name":"wp","href":"https:\/\/api.w.org\/{rel}","templated":true}]}}