{"id":3798,"date":"2023-02-23T18:15:19","date_gmt":"2023-02-23T17:15:19","guid":{"rendered":"https:\/\/portfolio.glazboteka.com\/kcm\/?post_type=mec-events&#038;p=3798"},"modified":"2023-06-13T16:57:17","modified_gmt":"2023-06-13T14:57:17","slug":"ribanje-i-ribarsko-prigovaranje-projekcija-filma-razgovor-live-soundtrack","status":"publish","type":"mec-events","link":"https:\/\/portfolio.glazboteka.com\/kcm\/kalendar\/ribanje-i-ribarsko-prigovaranje-projekcija-filma-razgovor-live-soundtrack\/","title":{"rendered":"Ribanje i ribarsko prigovaranje &#8211; projekcija filma + razgovor + live soundtrack"},"content":{"rendered":"<blockquote><p>Filmska adaptacija i ekranizacija jednog od &#8220;najpopularnijih&#8221; lektirnih naslova, spjeva iz \u0161enaestog stolje\u0107a hvarskoga gospara Petra Hektorovi\u0107a koji je slu\u010dajem knji\u017eevne povijesti ipak ostao zapam\u0107en upravo po tom djelu, stigla je u KCM kino. &#8220;Ribanje i ribarsko prigovaranje&#8221; jedno je od djela koje se izvan stru\u010dnih i strukovnih krugova dosta \u010desto spominje ili se barem spominjalo u <em>predcinestar<\/em>-vrijeme, ali se, izuzmemo li specijalizirane emisije ili dokumentarno-igrane sadr\u017eaje koje bismo s vremena na vrijeme mogli vidjeti na zagreba\u010dkoj televiziji (onoj ili ovoj), nije mnogo \u010ditalo. Ili se u njemu u\u017eivalo. \u010cast iznimkama. Lektirni naslovi uglavnom su oktroirano i kruto predstavljani generacijama i ako niste bili ljubitelj starije hrvatske knji\u017eevnosti ili ako ne studirate kroatistiku, te\u0161ko da biste se mogli zainteresirati za jezik, stil i sadr\u017eaj tih i sli\u010dnih djela. Imao sam sre\u0107u da mi je u &#8220;prijelaznom&#8221; vremenu (kraj osamdesetih, po\u010detak devedesetih) predavalo niz odli\u010dnih profesora, od Fali\u0161evac do Prosperova Novaka, a ovaj potonji uveo nas je u svijet ba\u0161 \u0161esnaestog stolje\u0107a pribli\u017eiv\u0161i nam ne toliko Hvaranina Hektorovi\u0107a, ve\u0107 njegova suvremenika Dr\u017ei\u0107a. Doista sam zavolio djela onodobna i uz pomo\u0107 ve\u0107 spomenutih u\u010ditelja, te npr. prof. \u010cale poku\u0161avao dublje proniknuti u svijet koji smo ostavili iza sebe prije nekoliko stotina godina. Osjetiti ga, ne u njegovoj op\u0107osti, ve\u0107 univerzalnosti i prihvatiti ga umom, znanjem, ali i srcem. I ta je ljubav ostala do danas. (<strong>Milan Trenc<\/strong>)<\/p><\/blockquote>\n<p>Ovom prilikom, osim \u0161to \u0107emo prikazati film, pripremili smo i male razgovore prije i poslije projekcije kako bismo bolje pribli\u017eili gledateljima tu tematiku, uz nazo\u010dnost glavnih aktera filma. U nastavke ve\u010deri \u010duti \u0107emo <em>live<\/em>-izvedbu <em>soundtracka<\/em> za film koju izvodi Igor Paro i njegov ansambl.<\/p>\n<p>Re\u017eija: Milan Trenc<br \/>\nScenarij: Milan Trenc<br \/>\nKamera: Ivan Zadro<br \/>\nMonta\u017ea: Miran Mio\u0161i\u0107, Dubravko Slunjski<br \/>\nOblikovanje zvuka: Dubravka Premar<br \/>\nGlazba: Igor Paro<br \/>\nKostimografija: Emilija \u0160u\u0161kovi\u0107-Jakopac, Nikolina Kne\u017eevi\u0107<br \/>\nScenografija: Ivan Ivan<br \/>\nUloge: Rade \u0160erbed\u017eija, Leon Lu\u010dev, Romina Tonkovi\u0107, Bojan Braj\u010di\u0107, Ingeborg Appelt, Gala Nikoli\u0107, Lorenco Damjani\u0107, Filip Mayer, Giulio Settimo<br \/>\nProducenti: Boris Veli\u010dan, Milan Trenc<br \/>\nProdukcija: Studio devet, hrvatska distribucija BLITZ<br \/>\nPotpora: Hrvatska radiotelevizija (HRT), Hrvatski audiovizalni centar (HAVC)<\/p>\n<p>Ulaz je besplatan, a donacije po\u017eeljne.<\/p>\n","protected":false},"excerpt":{"rendered":"<p>Osim \u0161to \u0107emo prikazati film, pripremili smo i male razgovore prije i poslije projekcije kako bismo bolje pribli\u017eili gledateljima tu tematiku, uz nazo\u010dnost glavnih aktera filma.<\/p>\n","protected":false},"author":1,"featured_media":3799,"comment_status":"open","ping_status":"closed","template":"","meta":{"ngg_post_thumbnail":0,"ocean_post_layout":"","ocean_both_sidebars_style":"","ocean_both_sidebars_content_width":0,"ocean_both_sidebars_sidebars_width":0,"ocean_sidebar":"","ocean_second_sidebar":"","ocean_disable_margins":"enable","ocean_add_body_class":"","ocean_shortcode_before_top_bar":"","ocean_shortcode_after_top_bar":"","ocean_shortcode_before_header":"","ocean_shortcode_after_header":"","ocean_has_shortcode":"","ocean_shortcode_after_title":"","ocean_shortcode_before_footer_widgets":"","ocean_shortcode_after_footer_widgets":"","ocean_shortcode_before_footer_bottom":"","ocean_shortcode_after_footer_bottom":"","ocean_display_top_bar":"default","ocean_display_header":"default","ocean_header_style":"","ocean_center_header_left_menu":"","ocean_custom_header_template":"","ocean_custom_logo":0,"ocean_custom_retina_logo":0,"ocean_custom_logo_max_width":0,"ocean_custom_logo_tablet_max_width":0,"ocean_custom_logo_mobile_max_width":0,"ocean_custom_logo_max_height":0,"ocean_custom_logo_tablet_max_height":0,"ocean_custom_logo_mobile_max_height":0,"ocean_header_custom_menu":"","ocean_menu_typo_font_family":"","ocean_menu_typo_font_subset":"","ocean_menu_typo_font_size":0,"ocean_menu_typo_font_size_tablet":0,"ocean_menu_typo_font_size_mobile":0,"ocean_menu_typo_font_size_unit":"px","ocean_menu_typo_font_weight":"","ocean_menu_typo_font_weight_tablet":"","ocean_menu_typo_font_weight_mobile":"","ocean_menu_typo_transform":"","ocean_menu_typo_transform_tablet":"","ocean_menu_typo_transform_mobile":"","ocean_menu_typo_line_height":0,"ocean_menu_typo_line_height_tablet":0,"ocean_menu_typo_line_height_mobile":0,"ocean_menu_typo_line_height_unit":"","ocean_menu_typo_spacing":0,"ocean_menu_typo_spacing_tablet":0,"ocean_menu_typo_spacing_mobile":0,"ocean_menu_typo_spacing_unit":"","ocean_menu_link_color":"","ocean_menu_link_color_hover":"","ocean_menu_link_color_active":"","ocean_menu_link_background":"","ocean_menu_link_hover_background":"","ocean_menu_link_active_background":"","ocean_menu_social_links_bg":"","ocean_menu_social_hover_links_bg":"","ocean_menu_social_links_color":"","ocean_menu_social_hover_links_color":"","ocean_disable_title":"default","ocean_disable_heading":"default","ocean_post_title":"","ocean_post_subheading":"","ocean_post_title_style":"","ocean_post_title_background_color":"","ocean_post_title_background":0,"ocean_post_title_bg_image_position":"","ocean_post_title_bg_image_attachment":"","ocean_post_title_bg_image_repeat":"","ocean_post_title_bg_image_size":"","ocean_post_title_height":0,"ocean_post_title_bg_overlay":0.5,"ocean_post_title_bg_overlay_color":"","ocean_disable_breadcrumbs":"default","ocean_breadcrumbs_color":"","ocean_breadcrumbs_separator_color":"","ocean_breadcrumbs_links_color":"","ocean_breadcrumbs_links_hover_color":"","ocean_display_footer_widgets":"default","ocean_display_footer_bottom":"default","ocean_custom_footer_template":""},"mec_category":[24],"mec_tag":[3958,3962,4819,2723,2388,3960,3963,3952,3959,85,2151,2153,2152,3956,3961,2607,2154,3964,3955,3953,3951,3957,3954,338],"class_list":["post-3798","mec-events","type-mec-events","status-publish","has-post-thumbnail","hentry","mec_category-kalendar","mec_tag-bojan-brajcic","mec_tag-filip-mayer","mec_tag-film","mec_tag-filmska-glazba","mec_tag-filmska-projekcija","mec_tag-gala-nikolic","mec_tag-giulio-settimo","mec_tag-igor-paro","mec_tag-ingeborg-appelt","mec_tag-kcm","mec_tag-kranjceviceva-16a","mec_tag-kranjceviceva-ulica-16a","mec_tag-kulturni-centar-multimedija","mec_tag-leon-lucev","mec_tag-lorenco-damjanic","mec_tag-milan-trenc","mec_tag-novi-kcm","mec_tag-petar-hektorovic","mec_tag-rade-serbedzija","mec_tag-razgovor","mec_tag-ribanje-i-ribarsko-prigovaranje","mec_tag-romina-tonkovic","mec_tag-soundtrack","mec_tag-zagreb","entry","has-media"],"yoast_head":"<!-- This site is optimized with the Yoast SEO plugin v24.9 - https:\/\/yoast.com\/wordpress\/plugins\/seo\/ -->\n<title>Ribanje i ribarsko prigovaranje - projekcija filma + razgovor + live soundtrack - KCM<\/title>\n<meta name=\"description\" content=\"Osim \u0161to \u0107emo prikazati film, pripremili smo i male razgovore prije i poslije projekcije kako bismo bolje pribli\u017eili gledateljima tu tematiku...\" \/>\n<meta name=\"robots\" content=\"index, follow, max-snippet:-1, max-image-preview:large, max-video-preview:-1\" \/>\n<link rel=\"canonical\" href=\"https:\/\/portfolio.glazboteka.com\/kcm\/kalendar\/ribanje-i-ribarsko-prigovaranje-projekcija-filma-razgovor-live-soundtrack\/\" \/>\n<meta property=\"og:locale\" content=\"en_US\" \/>\n<meta property=\"og:type\" content=\"article\" \/>\n<meta property=\"og:title\" content=\"Ribanje i ribarsko prigovaranje - projekcija filma + razgovor + live soundtrack - KCM\" \/>\n<meta property=\"og:description\" content=\"Osim \u0161to \u0107emo prikazati film, pripremili smo i male razgovore prije i poslije projekcije kako bismo bolje pribli\u017eili gledateljima tu tematiku...\" \/>\n<meta property=\"og:url\" content=\"https:\/\/portfolio.glazboteka.com\/kcm\/kalendar\/ribanje-i-ribarsko-prigovaranje-projekcija-filma-razgovor-live-soundtrack\/\" \/>\n<meta property=\"og:site_name\" content=\"KCM\" \/>\n<meta property=\"article:publisher\" content=\"https:\/\/www.facebook.com\/KCMedija\/\" \/>\n<meta property=\"article:modified_time\" content=\"2023-06-13T14:57:17+00:00\" \/>\n<meta property=\"og:image\" content=\"https:\/\/portfolio.glazboteka.com\/kcm\/wp-content\/uploads\/2023\/02\/Trenc.jpg\" \/>\n\t<meta property=\"og:image:width\" content=\"1280\" \/>\n\t<meta property=\"og:image:height\" content=\"720\" \/>\n\t<meta property=\"og:image:type\" content=\"image\/jpeg\" \/>\n<meta name=\"twitter:card\" content=\"summary_large_image\" \/>\n<meta name=\"twitter:label1\" content=\"Est. reading time\" \/>\n\t<meta name=\"twitter:data1\" content=\"2 minutes\" \/>\n<script type=\"application\/ld+json\" class=\"yoast-schema-graph\">{\"@context\":\"https:\/\/schema.org\",\"@graph\":[{\"@type\":\"WebPage\",\"@id\":\"https:\/\/portfolio.glazboteka.com\/kcm\/kalendar\/ribanje-i-ribarsko-prigovaranje-projekcija-filma-razgovor-live-soundtrack\/\",\"url\":\"https:\/\/portfolio.glazboteka.com\/kcm\/kalendar\/ribanje-i-ribarsko-prigovaranje-projekcija-filma-razgovor-live-soundtrack\/\",\"name\":\"Ribanje i ribarsko prigovaranje - projekcija filma + razgovor + live soundtrack - KCM\",\"isPartOf\":{\"@id\":\"https:\/\/portfolio.glazboteka.com\/kcm\/#website\"},\"primaryImageOfPage\":{\"@id\":\"https:\/\/portfolio.glazboteka.com\/kcm\/kalendar\/ribanje-i-ribarsko-prigovaranje-projekcija-filma-razgovor-live-soundtrack\/#primaryimage\"},\"image\":{\"@id\":\"https:\/\/portfolio.glazboteka.com\/kcm\/kalendar\/ribanje-i-ribarsko-prigovaranje-projekcija-filma-razgovor-live-soundtrack\/#primaryimage\"},\"thumbnailUrl\":\"https:\/\/portfolio.glazboteka.com\/kcm\/wp-content\/uploads\/2023\/02\/Trenc.jpg\",\"datePublished\":\"2023-02-23T17:15:19+00:00\",\"dateModified\":\"2023-06-13T14:57:17+00:00\",\"description\":\"Osim \u0161to \u0107emo prikazati film, pripremili smo i male razgovore prije i poslije projekcije kako bismo bolje pribli\u017eili gledateljima tu tematiku...\",\"breadcrumb\":{\"@id\":\"https:\/\/portfolio.glazboteka.com\/kcm\/kalendar\/ribanje-i-ribarsko-prigovaranje-projekcija-filma-razgovor-live-soundtrack\/#breadcrumb\"},\"inLanguage\":\"en-US\",\"potentialAction\":[{\"@type\":\"ReadAction\",\"target\":[\"https:\/\/portfolio.glazboteka.com\/kcm\/kalendar\/ribanje-i-ribarsko-prigovaranje-projekcija-filma-razgovor-live-soundtrack\/\"]}]},{\"@type\":\"ImageObject\",\"inLanguage\":\"en-US\",\"@id\":\"https:\/\/portfolio.glazboteka.com\/kcm\/kalendar\/ribanje-i-ribarsko-prigovaranje-projekcija-filma-razgovor-live-soundtrack\/#primaryimage\",\"url\":\"https:\/\/portfolio.glazboteka.com\/kcm\/wp-content\/uploads\/2023\/02\/Trenc.jpg\",\"contentUrl\":\"https:\/\/portfolio.glazboteka.com\/kcm\/wp-content\/uploads\/2023\/02\/Trenc.jpg\",\"width\":1280,\"height\":720},{\"@type\":\"BreadcrumbList\",\"@id\":\"https:\/\/portfolio.glazboteka.com\/kcm\/kalendar\/ribanje-i-ribarsko-prigovaranje-projekcija-filma-razgovor-live-soundtrack\/#breadcrumb\",\"itemListElement\":[{\"@type\":\"ListItem\",\"position\":1,\"name\":\"Events\",\"item\":\"https:\/\/portfolio.glazboteka.com\/kcm\/kalendar\/\"},{\"@type\":\"ListItem\",\"position\":2,\"name\":\"Ribanje i ribarsko prigovaranje &#8211; projekcija filma + razgovor + live soundtrack\"}]},{\"@type\":\"WebSite\",\"@id\":\"https:\/\/portfolio.glazboteka.com\/kcm\/#website\",\"url\":\"https:\/\/portfolio.glazboteka.com\/kcm\/\",\"name\":\"KCM\",\"description\":\"Kulturni centar Multimedija\",\"publisher\":{\"@id\":\"https:\/\/portfolio.glazboteka.com\/kcm\/#organization\"},\"potentialAction\":[{\"@type\":\"SearchAction\",\"target\":{\"@type\":\"EntryPoint\",\"urlTemplate\":\"https:\/\/portfolio.glazboteka.com\/kcm\/?s={search_term_string}\"},\"query-input\":{\"@type\":\"PropertyValueSpecification\",\"valueRequired\":true,\"valueName\":\"search_term_string\"}}],\"inLanguage\":\"en-US\"},{\"@type\":\"Organization\",\"@id\":\"https:\/\/portfolio.glazboteka.com\/kcm\/#organization\",\"name\":\"KCM\",\"url\":\"https:\/\/portfolio.glazboteka.com\/kcm\/\",\"logo\":{\"@type\":\"ImageObject\",\"inLanguage\":\"en-US\",\"@id\":\"https:\/\/portfolio.glazboteka.com\/kcm\/#\/schema\/logo\/image\/\",\"url\":\"https:\/\/portfolio.glazboteka.com\/kcm\/wp-content\/uploads\/2022\/10\/KCM.jpg\",\"contentUrl\":\"https:\/\/portfolio.glazboteka.com\/kcm\/wp-content\/uploads\/2022\/10\/KCM.jpg\",\"width\":476,\"height\":419,\"caption\":\"KCM\"},\"image\":{\"@id\":\"https:\/\/portfolio.glazboteka.com\/kcm\/#\/schema\/logo\/image\/\"},\"sameAs\":[\"https:\/\/www.facebook.com\/KCMedija\/\",\"https:\/\/www.instagram.com\/kulturni_centar_mesnicka\/\"]}]}<\/script>\n<!-- \/ Yoast SEO plugin. -->","yoast_head_json":{"title":"Ribanje i ribarsko prigovaranje - projekcija filma + razgovor + live soundtrack - KCM","description":"Osim \u0161to \u0107emo prikazati film, pripremili smo i male razgovore prije i poslije projekcije kako bismo bolje pribli\u017eili gledateljima tu tematiku...","robots":{"index":"index","follow":"follow","max-snippet":"max-snippet:-1","max-image-preview":"max-image-preview:large","max-video-preview":"max-video-preview:-1"},"canonical":"https:\/\/portfolio.glazboteka.com\/kcm\/kalendar\/ribanje-i-ribarsko-prigovaranje-projekcija-filma-razgovor-live-soundtrack\/","og_locale":"en_US","og_type":"article","og_title":"Ribanje i ribarsko prigovaranje - projekcija filma + razgovor + live soundtrack - KCM","og_description":"Osim \u0161to \u0107emo prikazati film, pripremili smo i male razgovore prije i poslije projekcije kako bismo bolje pribli\u017eili gledateljima tu tematiku...","og_url":"https:\/\/portfolio.glazboteka.com\/kcm\/kalendar\/ribanje-i-ribarsko-prigovaranje-projekcija-filma-razgovor-live-soundtrack\/","og_site_name":"KCM","article_publisher":"https:\/\/www.facebook.com\/KCMedija\/","article_modified_time":"2023-06-13T14:57:17+00:00","og_image":[{"width":1280,"height":720,"url":"https:\/\/portfolio.glazboteka.com\/kcm\/wp-content\/uploads\/2023\/02\/Trenc.jpg","type":"image\/jpeg"}],"twitter_card":"summary_large_image","twitter_misc":{"Est. reading time":"2 minutes"},"schema":{"@context":"https:\/\/schema.org","@graph":[{"@type":"WebPage","@id":"https:\/\/portfolio.glazboteka.com\/kcm\/kalendar\/ribanje-i-ribarsko-prigovaranje-projekcija-filma-razgovor-live-soundtrack\/","url":"https:\/\/portfolio.glazboteka.com\/kcm\/kalendar\/ribanje-i-ribarsko-prigovaranje-projekcija-filma-razgovor-live-soundtrack\/","name":"Ribanje i ribarsko prigovaranje - projekcija filma + razgovor + live soundtrack - KCM","isPartOf":{"@id":"https:\/\/portfolio.glazboteka.com\/kcm\/#website"},"primaryImageOfPage":{"@id":"https:\/\/portfolio.glazboteka.com\/kcm\/kalendar\/ribanje-i-ribarsko-prigovaranje-projekcija-filma-razgovor-live-soundtrack\/#primaryimage"},"image":{"@id":"https:\/\/portfolio.glazboteka.com\/kcm\/kalendar\/ribanje-i-ribarsko-prigovaranje-projekcija-filma-razgovor-live-soundtrack\/#primaryimage"},"thumbnailUrl":"https:\/\/portfolio.glazboteka.com\/kcm\/wp-content\/uploads\/2023\/02\/Trenc.jpg","datePublished":"2023-02-23T17:15:19+00:00","dateModified":"2023-06-13T14:57:17+00:00","description":"Osim \u0161to \u0107emo prikazati film, pripremili smo i male razgovore prije i poslije projekcije kako bismo bolje pribli\u017eili gledateljima tu tematiku...","breadcrumb":{"@id":"https:\/\/portfolio.glazboteka.com\/kcm\/kalendar\/ribanje-i-ribarsko-prigovaranje-projekcija-filma-razgovor-live-soundtrack\/#breadcrumb"},"inLanguage":"en-US","potentialAction":[{"@type":"ReadAction","target":["https:\/\/portfolio.glazboteka.com\/kcm\/kalendar\/ribanje-i-ribarsko-prigovaranje-projekcija-filma-razgovor-live-soundtrack\/"]}]},{"@type":"ImageObject","inLanguage":"en-US","@id":"https:\/\/portfolio.glazboteka.com\/kcm\/kalendar\/ribanje-i-ribarsko-prigovaranje-projekcija-filma-razgovor-live-soundtrack\/#primaryimage","url":"https:\/\/portfolio.glazboteka.com\/kcm\/wp-content\/uploads\/2023\/02\/Trenc.jpg","contentUrl":"https:\/\/portfolio.glazboteka.com\/kcm\/wp-content\/uploads\/2023\/02\/Trenc.jpg","width":1280,"height":720},{"@type":"BreadcrumbList","@id":"https:\/\/portfolio.glazboteka.com\/kcm\/kalendar\/ribanje-i-ribarsko-prigovaranje-projekcija-filma-razgovor-live-soundtrack\/#breadcrumb","itemListElement":[{"@type":"ListItem","position":1,"name":"Events","item":"https:\/\/portfolio.glazboteka.com\/kcm\/kalendar\/"},{"@type":"ListItem","position":2,"name":"Ribanje i ribarsko prigovaranje &#8211; projekcija filma + razgovor + live soundtrack"}]},{"@type":"WebSite","@id":"https:\/\/portfolio.glazboteka.com\/kcm\/#website","url":"https:\/\/portfolio.glazboteka.com\/kcm\/","name":"KCM","description":"Kulturni centar Multimedija","publisher":{"@id":"https:\/\/portfolio.glazboteka.com\/kcm\/#organization"},"potentialAction":[{"@type":"SearchAction","target":{"@type":"EntryPoint","urlTemplate":"https:\/\/portfolio.glazboteka.com\/kcm\/?s={search_term_string}"},"query-input":{"@type":"PropertyValueSpecification","valueRequired":true,"valueName":"search_term_string"}}],"inLanguage":"en-US"},{"@type":"Organization","@id":"https:\/\/portfolio.glazboteka.com\/kcm\/#organization","name":"KCM","url":"https:\/\/portfolio.glazboteka.com\/kcm\/","logo":{"@type":"ImageObject","inLanguage":"en-US","@id":"https:\/\/portfolio.glazboteka.com\/kcm\/#\/schema\/logo\/image\/","url":"https:\/\/portfolio.glazboteka.com\/kcm\/wp-content\/uploads\/2022\/10\/KCM.jpg","contentUrl":"https:\/\/portfolio.glazboteka.com\/kcm\/wp-content\/uploads\/2022\/10\/KCM.jpg","width":476,"height":419,"caption":"KCM"},"image":{"@id":"https:\/\/portfolio.glazboteka.com\/kcm\/#\/schema\/logo\/image\/"},"sameAs":["https:\/\/www.facebook.com\/KCMedija\/","https:\/\/www.instagram.com\/kulturni_centar_mesnicka\/"]}]}},"_links":{"self":[{"href":"https:\/\/portfolio.glazboteka.com\/kcm\/wp-json\/wp\/v2\/mec-events\/3798","targetHints":{"allow":["GET"]}}],"collection":[{"href":"https:\/\/portfolio.glazboteka.com\/kcm\/wp-json\/wp\/v2\/mec-events"}],"about":[{"href":"https:\/\/portfolio.glazboteka.com\/kcm\/wp-json\/wp\/v2\/types\/mec-events"}],"author":[{"embeddable":true,"href":"https:\/\/portfolio.glazboteka.com\/kcm\/wp-json\/wp\/v2\/users\/1"}],"replies":[{"embeddable":true,"href":"https:\/\/portfolio.glazboteka.com\/kcm\/wp-json\/wp\/v2\/comments?post=3798"}],"wp:featuredmedia":[{"embeddable":true,"href":"https:\/\/portfolio.glazboteka.com\/kcm\/wp-json\/wp\/v2\/media\/3799"}],"wp:attachment":[{"href":"https:\/\/portfolio.glazboteka.com\/kcm\/wp-json\/wp\/v2\/media?parent=3798"}],"wp:term":[{"taxonomy":"mec_category","embeddable":true,"href":"https:\/\/portfolio.glazboteka.com\/kcm\/wp-json\/wp\/v2\/mec_category?post=3798"},{"taxonomy":"mec_tag","embeddable":true,"href":"https:\/\/portfolio.glazboteka.com\/kcm\/wp-json\/wp\/v2\/mec_tag?post=3798"}],"curies":[{"name":"wp","href":"https:\/\/api.w.org\/{rel}","templated":true}]}}