{"id":464,"date":"2022-06-07T12:42:56","date_gmt":"2022-06-07T10:42:56","guid":{"rendered":"https:\/\/portfolio.glazboteka.com\/kcm\/?post_type=mec-events&#038;p=464"},"modified":"2023-09-17T06:16:13","modified_gmt":"2023-09-17T04:16:13","slug":"lou-profa-srece-lutajuceg-dj-a-zdenu-live-at-kcm","status":"publish","type":"mec-events","link":"https:\/\/portfolio.glazboteka.com\/kcm\/kalendar\/lou-profa-srece-lutajuceg-dj-a-zdenu-live-at-kcm\/","title":{"rendered":"Lou Profa sre\u0107e Lutaju\u0107eg DJ-a Zdenu &#8211; Live at KCM"},"content":{"rendered":"<p>&#8220;Kantautor sam koji je iz vlastite strukture samog sebe, svoje du\u0161e, pisao skladbe onako kako je osje\u0107ao i stvorio opus rock-glazbe kroz nekoliko pravaca, od folka, countrya i bluesa pa do hard-rocka, punk-glazbe i elektro-power stila. Sura\u0111ivao sam s prvom punk-grupom Balkana &#8216;Lo\u0161 zvuk&#8217;, bio sam prvi punk-man, a poslije toga po\u010deo sam stvarati elektro-glazbu na svoj na\u010din. Vremena su se mijenjala, stoga sam morao promijeniti na\u010din razmi\u0161ljanja u stvaranju i pisanju novih pjesama, koje su se ubrzo po\u010dele izvoditi na svjetskim radiopostajama, bile uvr\u0161tene na mnogo play-lista diljem svijeta i poznatih stranica, poput American Woman. U Americi se jo\u0161 i sada vrte s vremena na vrijeme na radiopostajama manjeg formata&#8221;, ka\u017ee o sebi Lou Profa.<\/p>\n<p>U KCM-u \u0107e zajedno s Lutaju\u0107im DJ-om Zdenom predstaviti stare i nove materijale, a program po\u010dinje u 21.30 sati.<\/p>\n<p>Ulaz je besplatan, a donacije su dobrodo\u0161le.<\/p>\n","protected":false},"excerpt":{"rendered":"<p>Lou Profa u KCM-u sre\u0107e Lutaju\u0107eg DJ-a Zdenu, gdje \u0107e predstaviti stare i nove materijale.<\/p>\n","protected":false},"author":1,"featured_media":467,"comment_status":"open","ping_status":"closed","template":"","meta":{"ngg_post_thumbnail":0,"ocean_post_layout":"","ocean_both_sidebars_style":"","ocean_both_sidebars_content_width":0,"ocean_both_sidebars_sidebars_width":0,"ocean_sidebar":"","ocean_second_sidebar":"","ocean_disable_margins":"enable","ocean_add_body_class":"","ocean_shortcode_before_top_bar":"","ocean_shortcode_after_top_bar":"","ocean_shortcode_before_header":"","ocean_shortcode_after_header":"","ocean_has_shortcode":"","ocean_shortcode_after_title":"","ocean_shortcode_before_footer_widgets":"","ocean_shortcode_after_footer_widgets":"","ocean_shortcode_before_footer_bottom":"","ocean_shortcode_after_footer_bottom":"","ocean_display_top_bar":"default","ocean_display_header":"default","ocean_header_style":"","ocean_center_header_left_menu":"","ocean_custom_header_template":"","ocean_custom_logo":0,"ocean_custom_retina_logo":0,"ocean_custom_logo_max_width":0,"ocean_custom_logo_tablet_max_width":0,"ocean_custom_logo_mobile_max_width":0,"ocean_custom_logo_max_height":0,"ocean_custom_logo_tablet_max_height":0,"ocean_custom_logo_mobile_max_height":0,"ocean_header_custom_menu":"","ocean_menu_typo_font_family":"","ocean_menu_typo_font_subset":"","ocean_menu_typo_font_size":0,"ocean_menu_typo_font_size_tablet":0,"ocean_menu_typo_font_size_mobile":0,"ocean_menu_typo_font_size_unit":"px","ocean_menu_typo_font_weight":"","ocean_menu_typo_font_weight_tablet":"","ocean_menu_typo_font_weight_mobile":"","ocean_menu_typo_transform":"","ocean_menu_typo_transform_tablet":"","ocean_menu_typo_transform_mobile":"","ocean_menu_typo_line_height":0,"ocean_menu_typo_line_height_tablet":0,"ocean_menu_typo_line_height_mobile":0,"ocean_menu_typo_line_height_unit":"","ocean_menu_typo_spacing":0,"ocean_menu_typo_spacing_tablet":0,"ocean_menu_typo_spacing_mobile":0,"ocean_menu_typo_spacing_unit":"","ocean_menu_link_color":"","ocean_menu_link_color_hover":"","ocean_menu_link_color_active":"","ocean_menu_link_background":"","ocean_menu_link_hover_background":"","ocean_menu_link_active_background":"","ocean_menu_social_links_bg":"","ocean_menu_social_hover_links_bg":"","ocean_menu_social_links_color":"","ocean_menu_social_hover_links_color":"","ocean_disable_title":"default","ocean_disable_heading":"default","ocean_post_title":"","ocean_post_subheading":"","ocean_post_title_style":"","ocean_post_title_background_color":"","ocean_post_title_background":0,"ocean_post_title_bg_image_position":"","ocean_post_title_bg_image_attachment":"","ocean_post_title_bg_image_repeat":"","ocean_post_title_bg_image_size":"","ocean_post_title_height":0,"ocean_post_title_bg_overlay":0.5,"ocean_post_title_bg_overlay_color":"","ocean_disable_breadcrumbs":"default","ocean_breadcrumbs_color":"","ocean_breadcrumbs_separator_color":"","ocean_breadcrumbs_links_color":"","ocean_breadcrumbs_links_hover_color":"","ocean_display_footer_widgets":"default","ocean_display_footer_bottom":"default","ocean_custom_footer_template":""},"mec_category":[24],"mec_tag":[341,453,151,85,6083,86,87,91,674,149,150,179,338,7540],"class_list":["post-464","mec-events","type-mec-events","status-publish","has-post-thumbnail","hentry","mec_category-kalendar","mec_tag-concert","mec_tag-disk-dzokej","mec_tag-glazba","mec_tag-kcm","mec_tag-kcm-uzivo","mec_tag-koncert","mec_tag-kulturni-centar-mesnicka","mec_tag-lipanj-2022","mec_tag-live-at-kcm","mec_tag-lou-profa","mec_tag-lutajuci-dj-zdena","mec_tag-mesnicka-12","mec_tag-zagreb","mec_tag-zdenko-franjic","entry","has-media"],"yoast_head":"<!-- This site is optimized with the Yoast SEO plugin v24.9 - https:\/\/yoast.com\/wordpress\/plugins\/seo\/ -->\n<title>Lou Profa sre\u0107e Lutaju\u0107eg DJ-a Zdenu - Live at KCM - KCM<\/title>\n<meta name=\"description\" content=\"U KCM-u \u0107e zajedno s Lutaju\u0107im DJ-om Zdenom predstaviti stare i nove materijale, a program po\u010dinje u 21.30 sati.\" \/>\n<meta name=\"robots\" content=\"index, follow, max-snippet:-1, max-image-preview:large, max-video-preview:-1\" \/>\n<link rel=\"canonical\" href=\"https:\/\/portfolio.glazboteka.com\/kcm\/kalendar\/lou-profa-srece-lutajuceg-dj-a-zdenu-live-at-kcm\/\" \/>\n<meta property=\"og:locale\" content=\"en_US\" \/>\n<meta property=\"og:type\" content=\"article\" \/>\n<meta property=\"og:title\" content=\"Lou Profa sre\u0107e Lutaju\u0107eg DJ-a Zdenu - Live at KCM - KCM\" \/>\n<meta property=\"og:description\" content=\"U KCM-u \u0107e zajedno s Lutaju\u0107im DJ-om Zdenom predstaviti stare i nove materijale, a program po\u010dinje u 21.30 sati.\" \/>\n<meta property=\"og:url\" content=\"https:\/\/portfolio.glazboteka.com\/kcm\/kalendar\/lou-profa-srece-lutajuceg-dj-a-zdenu-live-at-kcm\/\" \/>\n<meta property=\"og:site_name\" content=\"KCM\" \/>\n<meta property=\"article:publisher\" content=\"https:\/\/www.facebook.com\/KCMedija\/\" \/>\n<meta property=\"article:modified_time\" content=\"2023-09-17T04:16:13+00:00\" \/>\n<meta property=\"og:image\" content=\"https:\/\/portfolio.glazboteka.com\/kcm\/wp-content\/uploads\/2022\/06\/ekvilajzer.jpg\" \/>\n\t<meta property=\"og:image:width\" content=\"960\" \/>\n\t<meta property=\"og:image:height\" content=\"619\" \/>\n\t<meta property=\"og:image:type\" content=\"image\/jpeg\" \/>\n<meta name=\"twitter:card\" content=\"summary_large_image\" \/>\n<meta name=\"twitter:label1\" content=\"Est. reading time\" \/>\n\t<meta name=\"twitter:data1\" content=\"1 minute\" \/>\n<script type=\"application\/ld+json\" class=\"yoast-schema-graph\">{\"@context\":\"https:\/\/schema.org\",\"@graph\":[{\"@type\":\"WebPage\",\"@id\":\"https:\/\/portfolio.glazboteka.com\/kcm\/kalendar\/lou-profa-srece-lutajuceg-dj-a-zdenu-live-at-kcm\/\",\"url\":\"https:\/\/portfolio.glazboteka.com\/kcm\/kalendar\/lou-profa-srece-lutajuceg-dj-a-zdenu-live-at-kcm\/\",\"name\":\"Lou Profa sre\u0107e Lutaju\u0107eg DJ-a Zdenu - Live at KCM - KCM\",\"isPartOf\":{\"@id\":\"https:\/\/portfolio.glazboteka.com\/kcm\/#website\"},\"primaryImageOfPage\":{\"@id\":\"https:\/\/portfolio.glazboteka.com\/kcm\/kalendar\/lou-profa-srece-lutajuceg-dj-a-zdenu-live-at-kcm\/#primaryimage\"},\"image\":{\"@id\":\"https:\/\/portfolio.glazboteka.com\/kcm\/kalendar\/lou-profa-srece-lutajuceg-dj-a-zdenu-live-at-kcm\/#primaryimage\"},\"thumbnailUrl\":\"https:\/\/portfolio.glazboteka.com\/kcm\/wp-content\/uploads\/2022\/06\/ekvilajzer.jpg\",\"datePublished\":\"2022-06-07T10:42:56+00:00\",\"dateModified\":\"2023-09-17T04:16:13+00:00\",\"description\":\"U KCM-u \u0107e zajedno s Lutaju\u0107im DJ-om Zdenom predstaviti stare i nove materijale, a program po\u010dinje u 21.30 sati.\",\"breadcrumb\":{\"@id\":\"https:\/\/portfolio.glazboteka.com\/kcm\/kalendar\/lou-profa-srece-lutajuceg-dj-a-zdenu-live-at-kcm\/#breadcrumb\"},\"inLanguage\":\"en-US\",\"potentialAction\":[{\"@type\":\"ReadAction\",\"target\":[\"https:\/\/portfolio.glazboteka.com\/kcm\/kalendar\/lou-profa-srece-lutajuceg-dj-a-zdenu-live-at-kcm\/\"]}]},{\"@type\":\"ImageObject\",\"inLanguage\":\"en-US\",\"@id\":\"https:\/\/portfolio.glazboteka.com\/kcm\/kalendar\/lou-profa-srece-lutajuceg-dj-a-zdenu-live-at-kcm\/#primaryimage\",\"url\":\"https:\/\/portfolio.glazboteka.com\/kcm\/wp-content\/uploads\/2022\/06\/ekvilajzer.jpg\",\"contentUrl\":\"https:\/\/portfolio.glazboteka.com\/kcm\/wp-content\/uploads\/2022\/06\/ekvilajzer.jpg\",\"width\":960,\"height\":619},{\"@type\":\"BreadcrumbList\",\"@id\":\"https:\/\/portfolio.glazboteka.com\/kcm\/kalendar\/lou-profa-srece-lutajuceg-dj-a-zdenu-live-at-kcm\/#breadcrumb\",\"itemListElement\":[{\"@type\":\"ListItem\",\"position\":1,\"name\":\"Events\",\"item\":\"https:\/\/portfolio.glazboteka.com\/kcm\/kalendar\/\"},{\"@type\":\"ListItem\",\"position\":2,\"name\":\"Lou Profa sre\u0107e Lutaju\u0107eg DJ-a Zdenu &#8211; Live at KCM\"}]},{\"@type\":\"WebSite\",\"@id\":\"https:\/\/portfolio.glazboteka.com\/kcm\/#website\",\"url\":\"https:\/\/portfolio.glazboteka.com\/kcm\/\",\"name\":\"KCM\",\"description\":\"Kulturni centar Multimedija\",\"publisher\":{\"@id\":\"https:\/\/portfolio.glazboteka.com\/kcm\/#organization\"},\"potentialAction\":[{\"@type\":\"SearchAction\",\"target\":{\"@type\":\"EntryPoint\",\"urlTemplate\":\"https:\/\/portfolio.glazboteka.com\/kcm\/?s={search_term_string}\"},\"query-input\":{\"@type\":\"PropertyValueSpecification\",\"valueRequired\":true,\"valueName\":\"search_term_string\"}}],\"inLanguage\":\"en-US\"},{\"@type\":\"Organization\",\"@id\":\"https:\/\/portfolio.glazboteka.com\/kcm\/#organization\",\"name\":\"KCM\",\"url\":\"https:\/\/portfolio.glazboteka.com\/kcm\/\",\"logo\":{\"@type\":\"ImageObject\",\"inLanguage\":\"en-US\",\"@id\":\"https:\/\/portfolio.glazboteka.com\/kcm\/#\/schema\/logo\/image\/\",\"url\":\"https:\/\/portfolio.glazboteka.com\/kcm\/wp-content\/uploads\/2022\/10\/KCM.jpg\",\"contentUrl\":\"https:\/\/portfolio.glazboteka.com\/kcm\/wp-content\/uploads\/2022\/10\/KCM.jpg\",\"width\":476,\"height\":419,\"caption\":\"KCM\"},\"image\":{\"@id\":\"https:\/\/portfolio.glazboteka.com\/kcm\/#\/schema\/logo\/image\/\"},\"sameAs\":[\"https:\/\/www.facebook.com\/KCMedija\/\",\"https:\/\/www.instagram.com\/kulturni_centar_mesnicka\/\"]}]}<\/script>\n<!-- \/ Yoast SEO plugin. -->","yoast_head_json":{"title":"Lou Profa sre\u0107e Lutaju\u0107eg DJ-a Zdenu - Live at KCM - KCM","description":"U KCM-u \u0107e zajedno s Lutaju\u0107im DJ-om Zdenom predstaviti stare i nove materijale, a program po\u010dinje u 21.30 sati.","robots":{"index":"index","follow":"follow","max-snippet":"max-snippet:-1","max-image-preview":"max-image-preview:large","max-video-preview":"max-video-preview:-1"},"canonical":"https:\/\/portfolio.glazboteka.com\/kcm\/kalendar\/lou-profa-srece-lutajuceg-dj-a-zdenu-live-at-kcm\/","og_locale":"en_US","og_type":"article","og_title":"Lou Profa sre\u0107e Lutaju\u0107eg DJ-a Zdenu - Live at KCM - KCM","og_description":"U KCM-u \u0107e zajedno s Lutaju\u0107im DJ-om Zdenom predstaviti stare i nove materijale, a program po\u010dinje u 21.30 sati.","og_url":"https:\/\/portfolio.glazboteka.com\/kcm\/kalendar\/lou-profa-srece-lutajuceg-dj-a-zdenu-live-at-kcm\/","og_site_name":"KCM","article_publisher":"https:\/\/www.facebook.com\/KCMedija\/","article_modified_time":"2023-09-17T04:16:13+00:00","og_image":[{"width":960,"height":619,"url":"https:\/\/portfolio.glazboteka.com\/kcm\/wp-content\/uploads\/2022\/06\/ekvilajzer.jpg","type":"image\/jpeg"}],"twitter_card":"summary_large_image","twitter_misc":{"Est. reading time":"1 minute"},"schema":{"@context":"https:\/\/schema.org","@graph":[{"@type":"WebPage","@id":"https:\/\/portfolio.glazboteka.com\/kcm\/kalendar\/lou-profa-srece-lutajuceg-dj-a-zdenu-live-at-kcm\/","url":"https:\/\/portfolio.glazboteka.com\/kcm\/kalendar\/lou-profa-srece-lutajuceg-dj-a-zdenu-live-at-kcm\/","name":"Lou Profa sre\u0107e Lutaju\u0107eg DJ-a Zdenu - Live at KCM - KCM","isPartOf":{"@id":"https:\/\/portfolio.glazboteka.com\/kcm\/#website"},"primaryImageOfPage":{"@id":"https:\/\/portfolio.glazboteka.com\/kcm\/kalendar\/lou-profa-srece-lutajuceg-dj-a-zdenu-live-at-kcm\/#primaryimage"},"image":{"@id":"https:\/\/portfolio.glazboteka.com\/kcm\/kalendar\/lou-profa-srece-lutajuceg-dj-a-zdenu-live-at-kcm\/#primaryimage"},"thumbnailUrl":"https:\/\/portfolio.glazboteka.com\/kcm\/wp-content\/uploads\/2022\/06\/ekvilajzer.jpg","datePublished":"2022-06-07T10:42:56+00:00","dateModified":"2023-09-17T04:16:13+00:00","description":"U KCM-u \u0107e zajedno s Lutaju\u0107im DJ-om Zdenom predstaviti stare i nove materijale, a program po\u010dinje u 21.30 sati.","breadcrumb":{"@id":"https:\/\/portfolio.glazboteka.com\/kcm\/kalendar\/lou-profa-srece-lutajuceg-dj-a-zdenu-live-at-kcm\/#breadcrumb"},"inLanguage":"en-US","potentialAction":[{"@type":"ReadAction","target":["https:\/\/portfolio.glazboteka.com\/kcm\/kalendar\/lou-profa-srece-lutajuceg-dj-a-zdenu-live-at-kcm\/"]}]},{"@type":"ImageObject","inLanguage":"en-US","@id":"https:\/\/portfolio.glazboteka.com\/kcm\/kalendar\/lou-profa-srece-lutajuceg-dj-a-zdenu-live-at-kcm\/#primaryimage","url":"https:\/\/portfolio.glazboteka.com\/kcm\/wp-content\/uploads\/2022\/06\/ekvilajzer.jpg","contentUrl":"https:\/\/portfolio.glazboteka.com\/kcm\/wp-content\/uploads\/2022\/06\/ekvilajzer.jpg","width":960,"height":619},{"@type":"BreadcrumbList","@id":"https:\/\/portfolio.glazboteka.com\/kcm\/kalendar\/lou-profa-srece-lutajuceg-dj-a-zdenu-live-at-kcm\/#breadcrumb","itemListElement":[{"@type":"ListItem","position":1,"name":"Events","item":"https:\/\/portfolio.glazboteka.com\/kcm\/kalendar\/"},{"@type":"ListItem","position":2,"name":"Lou Profa sre\u0107e Lutaju\u0107eg DJ-a Zdenu &#8211; Live at KCM"}]},{"@type":"WebSite","@id":"https:\/\/portfolio.glazboteka.com\/kcm\/#website","url":"https:\/\/portfolio.glazboteka.com\/kcm\/","name":"KCM","description":"Kulturni centar Multimedija","publisher":{"@id":"https:\/\/portfolio.glazboteka.com\/kcm\/#organization"},"potentialAction":[{"@type":"SearchAction","target":{"@type":"EntryPoint","urlTemplate":"https:\/\/portfolio.glazboteka.com\/kcm\/?s={search_term_string}"},"query-input":{"@type":"PropertyValueSpecification","valueRequired":true,"valueName":"search_term_string"}}],"inLanguage":"en-US"},{"@type":"Organization","@id":"https:\/\/portfolio.glazboteka.com\/kcm\/#organization","name":"KCM","url":"https:\/\/portfolio.glazboteka.com\/kcm\/","logo":{"@type":"ImageObject","inLanguage":"en-US","@id":"https:\/\/portfolio.glazboteka.com\/kcm\/#\/schema\/logo\/image\/","url":"https:\/\/portfolio.glazboteka.com\/kcm\/wp-content\/uploads\/2022\/10\/KCM.jpg","contentUrl":"https:\/\/portfolio.glazboteka.com\/kcm\/wp-content\/uploads\/2022\/10\/KCM.jpg","width":476,"height":419,"caption":"KCM"},"image":{"@id":"https:\/\/portfolio.glazboteka.com\/kcm\/#\/schema\/logo\/image\/"},"sameAs":["https:\/\/www.facebook.com\/KCMedija\/","https:\/\/www.instagram.com\/kulturni_centar_mesnicka\/"]}]}},"_links":{"self":[{"href":"https:\/\/portfolio.glazboteka.com\/kcm\/wp-json\/wp\/v2\/mec-events\/464","targetHints":{"allow":["GET"]}}],"collection":[{"href":"https:\/\/portfolio.glazboteka.com\/kcm\/wp-json\/wp\/v2\/mec-events"}],"about":[{"href":"https:\/\/portfolio.glazboteka.com\/kcm\/wp-json\/wp\/v2\/types\/mec-events"}],"author":[{"embeddable":true,"href":"https:\/\/portfolio.glazboteka.com\/kcm\/wp-json\/wp\/v2\/users\/1"}],"replies":[{"embeddable":true,"href":"https:\/\/portfolio.glazboteka.com\/kcm\/wp-json\/wp\/v2\/comments?post=464"}],"wp:featuredmedia":[{"embeddable":true,"href":"https:\/\/portfolio.glazboteka.com\/kcm\/wp-json\/wp\/v2\/media\/467"}],"wp:attachment":[{"href":"https:\/\/portfolio.glazboteka.com\/kcm\/wp-json\/wp\/v2\/media?parent=464"}],"wp:term":[{"taxonomy":"mec_category","embeddable":true,"href":"https:\/\/portfolio.glazboteka.com\/kcm\/wp-json\/wp\/v2\/mec_category?post=464"},{"taxonomy":"mec_tag","embeddable":true,"href":"https:\/\/portfolio.glazboteka.com\/kcm\/wp-json\/wp\/v2\/mec_tag?post=464"}],"curies":[{"name":"wp","href":"https:\/\/api.w.org\/{rel}","templated":true}]}}