{"id":6332,"date":"2023-06-26T02:02:21","date_gmt":"2023-06-26T00:02:21","guid":{"rendered":"https:\/\/portfolio.glazboteka.com\/kcm\/?post_type=mec-events&#038;p=6332"},"modified":"2023-06-26T16:11:34","modified_gmt":"2023-06-26T14:11:34","slug":"otvorenje-izlozbe-open-diary-natase-devcic","status":"publish","type":"mec-events","link":"https:\/\/portfolio.glazboteka.com\/kcm\/kalendar\/otvorenje-izlozbe-open-diary-natase-devcic\/","title":{"rendered":"Otvorenje izlo\u017ebe Open Diary Nata\u0161e Dev\u010di\u0107"},"content":{"rendered":"<p>Nata\u0161a Dev\u010di\u0107 (1998., Velika Gorica), \u010diju izlo\u017ebu <em>Open Diary<\/em> u Kulturnom centru Multimedija otvaramo u 19 sati, a koju \u0107ete mo\u0107i pogledati idu\u0107a dva tjedna, u svom se umjetni\u010dkom radu bavi temama osobnog rasta i \u017eivotnih promjena obra\u0111uju\u0107i ih videoradovima, animacijom, digitalnom grafikom, fotografijom, crte\u017eom, zvukom i poezijom.<\/p>\n<p>Diplomirala je na grafi\u010dkom odsjeku Akademije likovnih umjetnosti u Zagrebu u klasi Mirjane Vodopije te je zavr\u0161ila osnovnu i srednju glazbenu \u0161kolu na Glazbenom u\u010dili\u0161tu Elly Ba\u0161i\u0107 u Zagrebu. Izlagala je na tri samostalne izlo\u017ebe i nekoliko grupnih izlo\u017ebi u Zagrebu i Samoboru, a s Dalijom Stani\u0107 2022. godine osnovala je nezavisnu Galeriju Polica na Akademiji likovnih umjetnosti u Zagrebu.<\/p>\n<p>&#8220;Serija crte\u017ea \u2013 autoportreta nastala izme\u0111u 2018. i 2022. godine primarno se bavi temom anksioznosti, otu\u0111enosti, osje\u0107ajem nepripadanja i usamljenosti, ali kako nastaju kroz dulji period, tako im se karakter i tema postupno mijenjaju. Crte\u017ei nastaju spontano, bez skice, prema trenuta\u010dnom osje\u0107aju i stanju u kojemu jesam, \u0161to im daje karakter dnevnika. Svoje misli i osje\u0107aje bilje\u017eim linijskim crte\u017eom uz koji paralelno nastaju i kratki tekstovi u kojima strujom svijesti zapisujem misli. Motiv su \u010desto ranjene \u017eivotinje, kojima nacrtam svoju glavu nagla\u0161avaju\u0107i time osje\u0107aj otu\u0111enosti od vlastita tijela. Rane koje crtam zapravo su unutra\u0161nje, odnosno emotivne rane, a ne fizi\u010dke te u gotovo svakom crte\u017eu nastojim ubaciti malu \u0161alu kratkim natpisima ili simbolima koji su razumljivi samo meni. Upravo iz tog razloga serija je dobila naziv Open Diary ili Otvoreni dnevnik. Gledatelju pru\u017eam sadr\u017eaj koji je osoban i obi\u010dno tajan, ali u mjeri u kojoj ja \u017eelim. Iako simboli i tekstovi koji se pojavljuju na crte\u017eima za mene imaju konkretno zna\u010denje, nemam ih potrebu obja\u0161njavati te ih ostavljam slobodnoj interpretaciji gledatelja&#8221;, o izlo\u017ebi ka\u017ee autorica.<\/p>\n<p>Otvorenje \u0107e glazbom uljep\u0161ati Oridano Gypsy Jazz Band, koji je ve\u0107 gostovao u KCM-u, a koji \u010duva tradiciju Djanga Reinhardta i drugih romskih <em>jazz<\/em>-umjetnika.<\/p>\n","protected":false},"excerpt":{"rendered":"<p>Nata\u0161a Dev\u010di\u0107 bavi se temama osobnog rasta i \u017eivotnih promjena obra\u0111uju\u0107i ih videoradovima, animacijom, digitalnom grafikom, fotografijom, crte\u017eom, zvukom i poezijom.<\/p>\n","protected":false},"author":1,"featured_media":6329,"comment_status":"open","ping_status":"closed","template":"","meta":{"ngg_post_thumbnail":0,"ocean_post_layout":"","ocean_both_sidebars_style":"","ocean_both_sidebars_content_width":0,"ocean_both_sidebars_sidebars_width":0,"ocean_sidebar":"","ocean_second_sidebar":"","ocean_disable_margins":"enable","ocean_add_body_class":"","ocean_shortcode_before_top_bar":"","ocean_shortcode_after_top_bar":"","ocean_shortcode_before_header":"","ocean_shortcode_after_header":"","ocean_has_shortcode":"","ocean_shortcode_after_title":"","ocean_shortcode_before_footer_widgets":"","ocean_shortcode_after_footer_widgets":"","ocean_shortcode_before_footer_bottom":"","ocean_shortcode_after_footer_bottom":"","ocean_display_top_bar":"default","ocean_display_header":"default","ocean_header_style":"","ocean_center_header_left_menu":"","ocean_custom_header_template":"","ocean_custom_logo":0,"ocean_custom_retina_logo":0,"ocean_custom_logo_max_width":0,"ocean_custom_logo_tablet_max_width":0,"ocean_custom_logo_mobile_max_width":0,"ocean_custom_logo_max_height":0,"ocean_custom_logo_tablet_max_height":0,"ocean_custom_logo_mobile_max_height":0,"ocean_header_custom_menu":"","ocean_menu_typo_font_family":"","ocean_menu_typo_font_subset":"","ocean_menu_typo_font_size":0,"ocean_menu_typo_font_size_tablet":0,"ocean_menu_typo_font_size_mobile":0,"ocean_menu_typo_font_size_unit":"px","ocean_menu_typo_font_weight":"","ocean_menu_typo_font_weight_tablet":"","ocean_menu_typo_font_weight_mobile":"","ocean_menu_typo_transform":"","ocean_menu_typo_transform_tablet":"","ocean_menu_typo_transform_mobile":"","ocean_menu_typo_line_height":0,"ocean_menu_typo_line_height_tablet":0,"ocean_menu_typo_line_height_mobile":0,"ocean_menu_typo_line_height_unit":"","ocean_menu_typo_spacing":0,"ocean_menu_typo_spacing_tablet":0,"ocean_menu_typo_spacing_mobile":0,"ocean_menu_typo_spacing_unit":"","ocean_menu_link_color":"","ocean_menu_link_color_hover":"","ocean_menu_link_color_active":"","ocean_menu_link_background":"","ocean_menu_link_hover_background":"","ocean_menu_link_active_background":"","ocean_menu_social_links_bg":"","ocean_menu_social_hover_links_bg":"","ocean_menu_social_links_color":"","ocean_menu_social_hover_links_color":"","ocean_disable_title":"default","ocean_disable_heading":"default","ocean_post_title":"","ocean_post_subheading":"","ocean_post_title_style":"","ocean_post_title_background_color":"","ocean_post_title_background":0,"ocean_post_title_bg_image_position":"","ocean_post_title_bg_image_attachment":"","ocean_post_title_bg_image_repeat":"","ocean_post_title_bg_image_size":"","ocean_post_title_height":0,"ocean_post_title_bg_overlay":0.5,"ocean_post_title_bg_overlay_color":"","ocean_disable_breadcrumbs":"default","ocean_breadcrumbs_color":"","ocean_breadcrumbs_separator_color":"","ocean_breadcrumbs_links_color":"","ocean_breadcrumbs_links_hover_color":"","ocean_display_footer_widgets":"default","ocean_display_footer_bottom":"default","ocean_custom_footer_template":""},"mec_category":[390,24],"mec_tag":[2157,2202,301,85,2151,2153,2152,3086,6491,2154,6492,2236,3409,338],"class_list":["post-6332","mec-events","type-mec-events","status-publish","has-post-thumbnail","hentry","mec_category-galerija","mec_category-kalendar","mec_tag-bivsa-concordia","mec_tag-hrvatska","mec_tag-izlozba","mec_tag-kcm","mec_tag-kranjceviceva-16a","mec_tag-kranjceviceva-ulica-16a","mec_tag-kulturni-centar-multimedija","mec_tag-lipanj-2023","mec_tag-natasa-devcic","mec_tag-novi-kcm","mec_tag-open-diary","mec_tag-oridano-gypsy-jazz-band","mec_tag-slikarstvo","mec_tag-zagreb","entry","has-media"],"yoast_head":"<!-- This site is optimized with the Yoast SEO plugin v24.9 - https:\/\/yoast.com\/wordpress\/plugins\/seo\/ -->\n<title>Otvorenje izlo\u017ebe Open Diary Nata\u0161e Dev\u010di\u0107 - KCM<\/title>\n<meta name=\"description\" content=\"Nata\u0161a Dev\u010di\u0107 bavi se temama osobnog rasta i \u017eivotnih promjena obra\u0111uju\u0107i ih videoradovima, animacijom, digitalnom grafikom, fotografijom, crte\u017eom...\" \/>\n<meta name=\"robots\" content=\"index, follow, max-snippet:-1, max-image-preview:large, max-video-preview:-1\" \/>\n<link rel=\"canonical\" href=\"https:\/\/portfolio.glazboteka.com\/kcm\/kalendar\/otvorenje-izlozbe-open-diary-natase-devcic\/\" \/>\n<meta property=\"og:locale\" content=\"en_US\" \/>\n<meta property=\"og:type\" content=\"article\" \/>\n<meta property=\"og:title\" content=\"Otvorenje izlo\u017ebe Open Diary Nata\u0161e Dev\u010di\u0107 - KCM\" \/>\n<meta property=\"og:description\" content=\"Nata\u0161a Dev\u010di\u0107 bavi se temama osobnog rasta i \u017eivotnih promjena obra\u0111uju\u0107i ih videoradovima, animacijom, digitalnom grafikom, fotografijom, crte\u017eom...\" \/>\n<meta property=\"og:url\" content=\"https:\/\/portfolio.glazboteka.com\/kcm\/kalendar\/otvorenje-izlozbe-open-diary-natase-devcic\/\" \/>\n<meta property=\"og:site_name\" content=\"KCM\" \/>\n<meta property=\"article:publisher\" content=\"https:\/\/www.facebook.com\/KCMedija\/\" \/>\n<meta property=\"article:modified_time\" content=\"2023-06-26T14:11:34+00:00\" \/>\n<meta property=\"og:image\" content=\"https:\/\/portfolio.glazboteka.com\/kcm\/wp-content\/uploads\/2023\/06\/open_diary.jpg\" \/>\n\t<meta property=\"og:image:width\" content=\"565\" \/>\n\t<meta property=\"og:image:height\" content=\"707\" \/>\n\t<meta property=\"og:image:type\" content=\"image\/jpeg\" \/>\n<meta name=\"twitter:card\" content=\"summary_large_image\" \/>\n<meta name=\"twitter:label1\" content=\"Est. reading time\" \/>\n\t<meta name=\"twitter:data1\" content=\"2 minutes\" \/>\n<script type=\"application\/ld+json\" class=\"yoast-schema-graph\">{\"@context\":\"https:\/\/schema.org\",\"@graph\":[{\"@type\":\"WebPage\",\"@id\":\"https:\/\/portfolio.glazboteka.com\/kcm\/kalendar\/otvorenje-izlozbe-open-diary-natase-devcic\/\",\"url\":\"https:\/\/portfolio.glazboteka.com\/kcm\/kalendar\/otvorenje-izlozbe-open-diary-natase-devcic\/\",\"name\":\"Otvorenje izlo\u017ebe Open Diary Nata\u0161e Dev\u010di\u0107 - KCM\",\"isPartOf\":{\"@id\":\"https:\/\/portfolio.glazboteka.com\/kcm\/#website\"},\"primaryImageOfPage\":{\"@id\":\"https:\/\/portfolio.glazboteka.com\/kcm\/kalendar\/otvorenje-izlozbe-open-diary-natase-devcic\/#primaryimage\"},\"image\":{\"@id\":\"https:\/\/portfolio.glazboteka.com\/kcm\/kalendar\/otvorenje-izlozbe-open-diary-natase-devcic\/#primaryimage\"},\"thumbnailUrl\":\"https:\/\/portfolio.glazboteka.com\/kcm\/wp-content\/uploads\/2023\/06\/open_diary.jpg\",\"datePublished\":\"2023-06-26T00:02:21+00:00\",\"dateModified\":\"2023-06-26T14:11:34+00:00\",\"description\":\"Nata\u0161a Dev\u010di\u0107 bavi se temama osobnog rasta i \u017eivotnih promjena obra\u0111uju\u0107i ih videoradovima, animacijom, digitalnom grafikom, fotografijom, crte\u017eom...\",\"breadcrumb\":{\"@id\":\"https:\/\/portfolio.glazboteka.com\/kcm\/kalendar\/otvorenje-izlozbe-open-diary-natase-devcic\/#breadcrumb\"},\"inLanguage\":\"en-US\",\"potentialAction\":[{\"@type\":\"ReadAction\",\"target\":[\"https:\/\/portfolio.glazboteka.com\/kcm\/kalendar\/otvorenje-izlozbe-open-diary-natase-devcic\/\"]}]},{\"@type\":\"ImageObject\",\"inLanguage\":\"en-US\",\"@id\":\"https:\/\/portfolio.glazboteka.com\/kcm\/kalendar\/otvorenje-izlozbe-open-diary-natase-devcic\/#primaryimage\",\"url\":\"https:\/\/portfolio.glazboteka.com\/kcm\/wp-content\/uploads\/2023\/06\/open_diary.jpg\",\"contentUrl\":\"https:\/\/portfolio.glazboteka.com\/kcm\/wp-content\/uploads\/2023\/06\/open_diary.jpg\",\"width\":565,\"height\":707},{\"@type\":\"BreadcrumbList\",\"@id\":\"https:\/\/portfolio.glazboteka.com\/kcm\/kalendar\/otvorenje-izlozbe-open-diary-natase-devcic\/#breadcrumb\",\"itemListElement\":[{\"@type\":\"ListItem\",\"position\":1,\"name\":\"Events\",\"item\":\"https:\/\/portfolio.glazboteka.com\/kcm\/kalendar\/\"},{\"@type\":\"ListItem\",\"position\":2,\"name\":\"Otvorenje izlo\u017ebe Open Diary Nata\u0161e Dev\u010di\u0107\"}]},{\"@type\":\"WebSite\",\"@id\":\"https:\/\/portfolio.glazboteka.com\/kcm\/#website\",\"url\":\"https:\/\/portfolio.glazboteka.com\/kcm\/\",\"name\":\"KCM\",\"description\":\"Kulturni centar Multimedija\",\"publisher\":{\"@id\":\"https:\/\/portfolio.glazboteka.com\/kcm\/#organization\"},\"potentialAction\":[{\"@type\":\"SearchAction\",\"target\":{\"@type\":\"EntryPoint\",\"urlTemplate\":\"https:\/\/portfolio.glazboteka.com\/kcm\/?s={search_term_string}\"},\"query-input\":{\"@type\":\"PropertyValueSpecification\",\"valueRequired\":true,\"valueName\":\"search_term_string\"}}],\"inLanguage\":\"en-US\"},{\"@type\":\"Organization\",\"@id\":\"https:\/\/portfolio.glazboteka.com\/kcm\/#organization\",\"name\":\"KCM\",\"url\":\"https:\/\/portfolio.glazboteka.com\/kcm\/\",\"logo\":{\"@type\":\"ImageObject\",\"inLanguage\":\"en-US\",\"@id\":\"https:\/\/portfolio.glazboteka.com\/kcm\/#\/schema\/logo\/image\/\",\"url\":\"https:\/\/portfolio.glazboteka.com\/kcm\/wp-content\/uploads\/2022\/10\/KCM.jpg\",\"contentUrl\":\"https:\/\/portfolio.glazboteka.com\/kcm\/wp-content\/uploads\/2022\/10\/KCM.jpg\",\"width\":476,\"height\":419,\"caption\":\"KCM\"},\"image\":{\"@id\":\"https:\/\/portfolio.glazboteka.com\/kcm\/#\/schema\/logo\/image\/\"},\"sameAs\":[\"https:\/\/www.facebook.com\/KCMedija\/\",\"https:\/\/www.instagram.com\/kulturni_centar_mesnicka\/\"]}]}<\/script>\n<!-- \/ Yoast SEO plugin. -->","yoast_head_json":{"title":"Otvorenje izlo\u017ebe Open Diary Nata\u0161e Dev\u010di\u0107 - KCM","description":"Nata\u0161a Dev\u010di\u0107 bavi se temama osobnog rasta i \u017eivotnih promjena obra\u0111uju\u0107i ih videoradovima, animacijom, digitalnom grafikom, fotografijom, crte\u017eom...","robots":{"index":"index","follow":"follow","max-snippet":"max-snippet:-1","max-image-preview":"max-image-preview:large","max-video-preview":"max-video-preview:-1"},"canonical":"https:\/\/portfolio.glazboteka.com\/kcm\/kalendar\/otvorenje-izlozbe-open-diary-natase-devcic\/","og_locale":"en_US","og_type":"article","og_title":"Otvorenje izlo\u017ebe Open Diary Nata\u0161e Dev\u010di\u0107 - KCM","og_description":"Nata\u0161a Dev\u010di\u0107 bavi se temama osobnog rasta i \u017eivotnih promjena obra\u0111uju\u0107i ih videoradovima, animacijom, digitalnom grafikom, fotografijom, crte\u017eom...","og_url":"https:\/\/portfolio.glazboteka.com\/kcm\/kalendar\/otvorenje-izlozbe-open-diary-natase-devcic\/","og_site_name":"KCM","article_publisher":"https:\/\/www.facebook.com\/KCMedija\/","article_modified_time":"2023-06-26T14:11:34+00:00","og_image":[{"width":565,"height":707,"url":"https:\/\/portfolio.glazboteka.com\/kcm\/wp-content\/uploads\/2023\/06\/open_diary.jpg","type":"image\/jpeg"}],"twitter_card":"summary_large_image","twitter_misc":{"Est. reading time":"2 minutes"},"schema":{"@context":"https:\/\/schema.org","@graph":[{"@type":"WebPage","@id":"https:\/\/portfolio.glazboteka.com\/kcm\/kalendar\/otvorenje-izlozbe-open-diary-natase-devcic\/","url":"https:\/\/portfolio.glazboteka.com\/kcm\/kalendar\/otvorenje-izlozbe-open-diary-natase-devcic\/","name":"Otvorenje izlo\u017ebe Open Diary Nata\u0161e Dev\u010di\u0107 - KCM","isPartOf":{"@id":"https:\/\/portfolio.glazboteka.com\/kcm\/#website"},"primaryImageOfPage":{"@id":"https:\/\/portfolio.glazboteka.com\/kcm\/kalendar\/otvorenje-izlozbe-open-diary-natase-devcic\/#primaryimage"},"image":{"@id":"https:\/\/portfolio.glazboteka.com\/kcm\/kalendar\/otvorenje-izlozbe-open-diary-natase-devcic\/#primaryimage"},"thumbnailUrl":"https:\/\/portfolio.glazboteka.com\/kcm\/wp-content\/uploads\/2023\/06\/open_diary.jpg","datePublished":"2023-06-26T00:02:21+00:00","dateModified":"2023-06-26T14:11:34+00:00","description":"Nata\u0161a Dev\u010di\u0107 bavi se temama osobnog rasta i \u017eivotnih promjena obra\u0111uju\u0107i ih videoradovima, animacijom, digitalnom grafikom, fotografijom, crte\u017eom...","breadcrumb":{"@id":"https:\/\/portfolio.glazboteka.com\/kcm\/kalendar\/otvorenje-izlozbe-open-diary-natase-devcic\/#breadcrumb"},"inLanguage":"en-US","potentialAction":[{"@type":"ReadAction","target":["https:\/\/portfolio.glazboteka.com\/kcm\/kalendar\/otvorenje-izlozbe-open-diary-natase-devcic\/"]}]},{"@type":"ImageObject","inLanguage":"en-US","@id":"https:\/\/portfolio.glazboteka.com\/kcm\/kalendar\/otvorenje-izlozbe-open-diary-natase-devcic\/#primaryimage","url":"https:\/\/portfolio.glazboteka.com\/kcm\/wp-content\/uploads\/2023\/06\/open_diary.jpg","contentUrl":"https:\/\/portfolio.glazboteka.com\/kcm\/wp-content\/uploads\/2023\/06\/open_diary.jpg","width":565,"height":707},{"@type":"BreadcrumbList","@id":"https:\/\/portfolio.glazboteka.com\/kcm\/kalendar\/otvorenje-izlozbe-open-diary-natase-devcic\/#breadcrumb","itemListElement":[{"@type":"ListItem","position":1,"name":"Events","item":"https:\/\/portfolio.glazboteka.com\/kcm\/kalendar\/"},{"@type":"ListItem","position":2,"name":"Otvorenje izlo\u017ebe Open Diary Nata\u0161e Dev\u010di\u0107"}]},{"@type":"WebSite","@id":"https:\/\/portfolio.glazboteka.com\/kcm\/#website","url":"https:\/\/portfolio.glazboteka.com\/kcm\/","name":"KCM","description":"Kulturni centar Multimedija","publisher":{"@id":"https:\/\/portfolio.glazboteka.com\/kcm\/#organization"},"potentialAction":[{"@type":"SearchAction","target":{"@type":"EntryPoint","urlTemplate":"https:\/\/portfolio.glazboteka.com\/kcm\/?s={search_term_string}"},"query-input":{"@type":"PropertyValueSpecification","valueRequired":true,"valueName":"search_term_string"}}],"inLanguage":"en-US"},{"@type":"Organization","@id":"https:\/\/portfolio.glazboteka.com\/kcm\/#organization","name":"KCM","url":"https:\/\/portfolio.glazboteka.com\/kcm\/","logo":{"@type":"ImageObject","inLanguage":"en-US","@id":"https:\/\/portfolio.glazboteka.com\/kcm\/#\/schema\/logo\/image\/","url":"https:\/\/portfolio.glazboteka.com\/kcm\/wp-content\/uploads\/2022\/10\/KCM.jpg","contentUrl":"https:\/\/portfolio.glazboteka.com\/kcm\/wp-content\/uploads\/2022\/10\/KCM.jpg","width":476,"height":419,"caption":"KCM"},"image":{"@id":"https:\/\/portfolio.glazboteka.com\/kcm\/#\/schema\/logo\/image\/"},"sameAs":["https:\/\/www.facebook.com\/KCMedija\/","https:\/\/www.instagram.com\/kulturni_centar_mesnicka\/"]}]}},"_links":{"self":[{"href":"https:\/\/portfolio.glazboteka.com\/kcm\/wp-json\/wp\/v2\/mec-events\/6332","targetHints":{"allow":["GET"]}}],"collection":[{"href":"https:\/\/portfolio.glazboteka.com\/kcm\/wp-json\/wp\/v2\/mec-events"}],"about":[{"href":"https:\/\/portfolio.glazboteka.com\/kcm\/wp-json\/wp\/v2\/types\/mec-events"}],"author":[{"embeddable":true,"href":"https:\/\/portfolio.glazboteka.com\/kcm\/wp-json\/wp\/v2\/users\/1"}],"replies":[{"embeddable":true,"href":"https:\/\/portfolio.glazboteka.com\/kcm\/wp-json\/wp\/v2\/comments?post=6332"}],"wp:featuredmedia":[{"embeddable":true,"href":"https:\/\/portfolio.glazboteka.com\/kcm\/wp-json\/wp\/v2\/media\/6329"}],"wp:attachment":[{"href":"https:\/\/portfolio.glazboteka.com\/kcm\/wp-json\/wp\/v2\/media?parent=6332"}],"wp:term":[{"taxonomy":"mec_category","embeddable":true,"href":"https:\/\/portfolio.glazboteka.com\/kcm\/wp-json\/wp\/v2\/mec_category?post=6332"},{"taxonomy":"mec_tag","embeddable":true,"href":"https:\/\/portfolio.glazboteka.com\/kcm\/wp-json\/wp\/v2\/mec_tag?post=6332"}],"curies":[{"name":"wp","href":"https:\/\/api.w.org\/{rel}","templated":true}]}}