{"id":8061,"date":"2023-10-12T20:45:39","date_gmt":"2023-10-12T18:45:39","guid":{"rendered":"https:\/\/portfolio.glazboteka.com\/kcm\/?post_type=mec-events&#038;p=8061"},"modified":"2023-11-09T22:03:06","modified_gmt":"2023-11-09T21:03:06","slug":"fotonatjecaj-glazba","status":"publish","type":"mec-events","link":"https:\/\/portfolio.glazboteka.com\/kcm\/kalendar\/fotonatjecaj-glazba\/","title":{"rendered":"Fotonatje\u010daj Glazba"},"content":{"rendered":"<p>Uhvatite ritam: oslobodite svoj objektiv u svijetu GLAZBE! \ud83d\udcf8<br \/>\n<a href=\"https:\/\/fotura.club\/\" rel=\"noopener\" target=\"_blank\">Fotura<\/a> i KCM pozivaju sve ljubitelje fotografije sa stra\u0161\u0107u prema glazbi! \ud83d\udce2<\/p>\n<p>Pridru\u017eite se na\u0161em natje\u010daju za glazbenu fotografiju i pretvorite svoju ljubav prema koncertima, plesu i instrumentima u zadivljuju\u0107e vizualne pri\u010de.<\/p>\n<p>\ud83c\udfb8 Koncertne kronike<br \/>\nZamrznite naelektrizirane trenutke na pozornici, od umjetnikove sirove emocije do zarazne energije publike. Poka\u017eite nezaboravne koncertne trenutke.<\/p>\n<p>\ud83d\udc83 Ples u fokusu<br \/>\nOd gracioznog baleta do visokoenergetskog hip-hopa, \u017eelimo vidjeti snagu i gracioznost plesa kroz objektiv. Svaki skok, pokret i okret jest platno za umjetni\u010dki izraz.<\/p>\n<p>\ud83c\udfbb Instrumentalna elegancija<br \/>\nBilo da se radi o nje\u017enom milovanju klavirskih tipki ili o gorljivom sviranju gitare, poka\u017eite du\u0161evnu vezu izme\u0111u glazbenika i njihovih instrumenata. Otkrijte nam poeziju u svakoj noti.<\/p>\n<p>\ud83c\udfbc Sveobuhvatna glazbena magija<br \/>\nUronite u raznolika podru\u010dja glazbe &#8211; od uli\u010dnih izvo\u0111a\u010da do klasi\u010dnih orkestara, neka va\u0161e fotografije odzvanjaju univerzalnim jezikom melodije.<\/p>\n<p>\ud83c\udfc6 Nagrade koje su u skladu s va\u0161im talentom:<br \/>\n&#8211; glavna nagrada: fotografska oprema i usluge u vrijednosti od 150 \u20ac<br \/>\n&#8211; nagrade za drugoplasirane: fotografska oprema u vrijednosti od 100 \u20ac i 50 \u20ac<\/p>\n<p>\u2757\ufe0f Natje\u010daj je otvoren do 1. 11. 2023.<\/p>\n<p>Fotografije mo\u017eete prijaviti na linku:<br \/>\n<a href=\"https:\/\/form.jotform.com\/232813656330049\" rel=\"noopener\" target=\"_blank\">https:\/\/form.jotform.com\/232813656330049<\/a><\/p>\n<p>U \u010detvrtak, 16. studenoga 2023. u Kulturnom centru Multimedija na velikoj sve\u010danosti proglasit \u0107emo pobjednike. Sretno!<\/p>\n","protected":false},"excerpt":{"rendered":"<p>Do 1. studenoga po\u0161aljite fotografije na temu &#8220;Glazba&#8221; kako biste se kvalificirali za vrijedne nagrade, fotografsku opremu i usluge!<\/p>\n","protected":false},"author":1,"featured_media":8062,"comment_status":"open","ping_status":"closed","template":"","meta":{"ngg_post_thumbnail":0,"ocean_post_layout":"","ocean_both_sidebars_style":"","ocean_both_sidebars_content_width":0,"ocean_both_sidebars_sidebars_width":0,"ocean_sidebar":"","ocean_second_sidebar":"","ocean_disable_margins":"enable","ocean_add_body_class":"","ocean_shortcode_before_top_bar":"","ocean_shortcode_after_top_bar":"","ocean_shortcode_before_header":"","ocean_shortcode_after_header":"","ocean_has_shortcode":"","ocean_shortcode_after_title":"","ocean_shortcode_before_footer_widgets":"","ocean_shortcode_after_footer_widgets":"","ocean_shortcode_before_footer_bottom":"","ocean_shortcode_after_footer_bottom":"","ocean_display_top_bar":"default","ocean_display_header":"default","ocean_header_style":"","ocean_center_header_left_menu":"","ocean_custom_header_template":"","ocean_custom_logo":0,"ocean_custom_retina_logo":0,"ocean_custom_logo_max_width":0,"ocean_custom_logo_tablet_max_width":0,"ocean_custom_logo_mobile_max_width":0,"ocean_custom_logo_max_height":0,"ocean_custom_logo_tablet_max_height":0,"ocean_custom_logo_mobile_max_height":0,"ocean_header_custom_menu":"","ocean_menu_typo_font_family":"","ocean_menu_typo_font_subset":"","ocean_menu_typo_font_size":0,"ocean_menu_typo_font_size_tablet":0,"ocean_menu_typo_font_size_mobile":0,"ocean_menu_typo_font_size_unit":"px","ocean_menu_typo_font_weight":"","ocean_menu_typo_font_weight_tablet":"","ocean_menu_typo_font_weight_mobile":"","ocean_menu_typo_transform":"","ocean_menu_typo_transform_tablet":"","ocean_menu_typo_transform_mobile":"","ocean_menu_typo_line_height":0,"ocean_menu_typo_line_height_tablet":0,"ocean_menu_typo_line_height_mobile":0,"ocean_menu_typo_line_height_unit":"","ocean_menu_typo_spacing":0,"ocean_menu_typo_spacing_tablet":0,"ocean_menu_typo_spacing_mobile":0,"ocean_menu_typo_spacing_unit":"","ocean_menu_link_color":"","ocean_menu_link_color_hover":"","ocean_menu_link_color_active":"","ocean_menu_link_background":"","ocean_menu_link_hover_background":"","ocean_menu_link_active_background":"","ocean_menu_social_links_bg":"","ocean_menu_social_hover_links_bg":"","ocean_menu_social_links_color":"","ocean_menu_social_hover_links_color":"","ocean_disable_title":"default","ocean_disable_heading":"default","ocean_post_title":"","ocean_post_subheading":"","ocean_post_title_style":"","ocean_post_title_background_color":"","ocean_post_title_background":0,"ocean_post_title_bg_image_position":"","ocean_post_title_bg_image_attachment":"","ocean_post_title_bg_image_repeat":"","ocean_post_title_bg_image_size":"","ocean_post_title_height":0,"ocean_post_title_bg_overlay":0.5,"ocean_post_title_bg_overlay_color":"","ocean_disable_breadcrumbs":"default","ocean_breadcrumbs_color":"","ocean_breadcrumbs_separator_color":"","ocean_breadcrumbs_links_color":"","ocean_breadcrumbs_links_hover_color":"","ocean_display_footer_widgets":"default","ocean_display_footer_bottom":"default","ocean_custom_footer_template":""},"mec_category":[24],"mec_tag":[2157,7988,7990,2202,85,2151,2153,2152,3090,2154,3091,338],"class_list":["post-8061","mec-events","type-mec-events","status-publish","has-post-thumbnail","hentry","mec_category-kalendar","mec_tag-bivsa-concordia","mec_tag-fotonatjecaj","mec_tag-fotura","mec_tag-hrvatska","mec_tag-kcm","mec_tag-kranjceviceva-16a","mec_tag-kranjceviceva-ulica-16a","mec_tag-kulturni-centar-multimedija","mec_tag-listopad-2023","mec_tag-novi-kcm","mec_tag-studeni-2023","mec_tag-zagreb","entry","has-media"],"yoast_head":"<!-- This site is optimized with the Yoast SEO plugin v24.9 - https:\/\/yoast.com\/wordpress\/plugins\/seo\/ -->\n<title>Fotonatje\u010daj Glazba - KCM<\/title>\n<meta name=\"description\" content=\"Do 1. studenoga po\u0161aljite fotografije na temu &quot;Glazba&quot; kako biste se kvalificirali za vrijedne nagrade, fotografsku opremu i usluge!\" \/>\n<meta name=\"robots\" content=\"index, follow, max-snippet:-1, max-image-preview:large, max-video-preview:-1\" \/>\n<link rel=\"canonical\" href=\"https:\/\/portfolio.glazboteka.com\/kcm\/kalendar\/fotonatjecaj-glazba\/\" \/>\n<meta property=\"og:locale\" content=\"en_US\" \/>\n<meta property=\"og:type\" content=\"article\" \/>\n<meta property=\"og:title\" content=\"Fotonatje\u010daj Glazba - KCM\" \/>\n<meta property=\"og:description\" content=\"Do 1. studenoga po\u0161aljite fotografije na temu &quot;Glazba&quot; kako biste se kvalificirali za vrijedne nagrade, fotografsku opremu i usluge!\" \/>\n<meta property=\"og:url\" content=\"https:\/\/portfolio.glazboteka.com\/kcm\/kalendar\/fotonatjecaj-glazba\/\" \/>\n<meta property=\"og:site_name\" content=\"KCM\" \/>\n<meta property=\"article:publisher\" content=\"https:\/\/www.facebook.com\/KCMedija\/\" \/>\n<meta property=\"article:modified_time\" content=\"2023-11-09T21:03:06+00:00\" \/>\n<meta property=\"og:image\" content=\"https:\/\/portfolio.glazboteka.com\/kcm\/wp-content\/uploads\/2023\/10\/foto_glazba.jpg\" \/>\n\t<meta property=\"og:image:width\" content=\"1080\" \/>\n\t<meta property=\"og:image:height\" content=\"1080\" \/>\n\t<meta property=\"og:image:type\" content=\"image\/jpeg\" \/>\n<meta name=\"twitter:card\" content=\"summary_large_image\" \/>\n<meta name=\"twitter:label1\" content=\"Est. reading time\" \/>\n\t<meta name=\"twitter:data1\" content=\"1 minute\" \/>\n<script type=\"application\/ld+json\" class=\"yoast-schema-graph\">{\"@context\":\"https:\/\/schema.org\",\"@graph\":[{\"@type\":\"WebPage\",\"@id\":\"https:\/\/portfolio.glazboteka.com\/kcm\/kalendar\/fotonatjecaj-glazba\/\",\"url\":\"https:\/\/portfolio.glazboteka.com\/kcm\/kalendar\/fotonatjecaj-glazba\/\",\"name\":\"Fotonatje\u010daj Glazba - KCM\",\"isPartOf\":{\"@id\":\"https:\/\/portfolio.glazboteka.com\/kcm\/#website\"},\"primaryImageOfPage\":{\"@id\":\"https:\/\/portfolio.glazboteka.com\/kcm\/kalendar\/fotonatjecaj-glazba\/#primaryimage\"},\"image\":{\"@id\":\"https:\/\/portfolio.glazboteka.com\/kcm\/kalendar\/fotonatjecaj-glazba\/#primaryimage\"},\"thumbnailUrl\":\"https:\/\/portfolio.glazboteka.com\/kcm\/wp-content\/uploads\/2023\/10\/foto_glazba.jpg\",\"datePublished\":\"2023-10-12T18:45:39+00:00\",\"dateModified\":\"2023-11-09T21:03:06+00:00\",\"description\":\"Do 1. studenoga po\u0161aljite fotografije na temu \\\"Glazba\\\" kako biste se kvalificirali za vrijedne nagrade, fotografsku opremu i usluge!\",\"breadcrumb\":{\"@id\":\"https:\/\/portfolio.glazboteka.com\/kcm\/kalendar\/fotonatjecaj-glazba\/#breadcrumb\"},\"inLanguage\":\"en-US\",\"potentialAction\":[{\"@type\":\"ReadAction\",\"target\":[\"https:\/\/portfolio.glazboteka.com\/kcm\/kalendar\/fotonatjecaj-glazba\/\"]}]},{\"@type\":\"ImageObject\",\"inLanguage\":\"en-US\",\"@id\":\"https:\/\/portfolio.glazboteka.com\/kcm\/kalendar\/fotonatjecaj-glazba\/#primaryimage\",\"url\":\"https:\/\/portfolio.glazboteka.com\/kcm\/wp-content\/uploads\/2023\/10\/foto_glazba.jpg\",\"contentUrl\":\"https:\/\/portfolio.glazboteka.com\/kcm\/wp-content\/uploads\/2023\/10\/foto_glazba.jpg\",\"width\":1080,\"height\":1080},{\"@type\":\"BreadcrumbList\",\"@id\":\"https:\/\/portfolio.glazboteka.com\/kcm\/kalendar\/fotonatjecaj-glazba\/#breadcrumb\",\"itemListElement\":[{\"@type\":\"ListItem\",\"position\":1,\"name\":\"Events\",\"item\":\"https:\/\/portfolio.glazboteka.com\/kcm\/kalendar\/\"},{\"@type\":\"ListItem\",\"position\":2,\"name\":\"Fotonatje\u010daj Glazba\"}]},{\"@type\":\"WebSite\",\"@id\":\"https:\/\/portfolio.glazboteka.com\/kcm\/#website\",\"url\":\"https:\/\/portfolio.glazboteka.com\/kcm\/\",\"name\":\"KCM\",\"description\":\"Kulturni centar Multimedija\",\"publisher\":{\"@id\":\"https:\/\/portfolio.glazboteka.com\/kcm\/#organization\"},\"potentialAction\":[{\"@type\":\"SearchAction\",\"target\":{\"@type\":\"EntryPoint\",\"urlTemplate\":\"https:\/\/portfolio.glazboteka.com\/kcm\/?s={search_term_string}\"},\"query-input\":{\"@type\":\"PropertyValueSpecification\",\"valueRequired\":true,\"valueName\":\"search_term_string\"}}],\"inLanguage\":\"en-US\"},{\"@type\":\"Organization\",\"@id\":\"https:\/\/portfolio.glazboteka.com\/kcm\/#organization\",\"name\":\"KCM\",\"url\":\"https:\/\/portfolio.glazboteka.com\/kcm\/\",\"logo\":{\"@type\":\"ImageObject\",\"inLanguage\":\"en-US\",\"@id\":\"https:\/\/portfolio.glazboteka.com\/kcm\/#\/schema\/logo\/image\/\",\"url\":\"https:\/\/portfolio.glazboteka.com\/kcm\/wp-content\/uploads\/2022\/10\/KCM.jpg\",\"contentUrl\":\"https:\/\/portfolio.glazboteka.com\/kcm\/wp-content\/uploads\/2022\/10\/KCM.jpg\",\"width\":476,\"height\":419,\"caption\":\"KCM\"},\"image\":{\"@id\":\"https:\/\/portfolio.glazboteka.com\/kcm\/#\/schema\/logo\/image\/\"},\"sameAs\":[\"https:\/\/www.facebook.com\/KCMedija\/\",\"https:\/\/www.instagram.com\/kulturni_centar_mesnicka\/\"]}]}<\/script>\n<!-- \/ Yoast SEO plugin. -->","yoast_head_json":{"title":"Fotonatje\u010daj Glazba - KCM","description":"Do 1. studenoga po\u0161aljite fotografije na temu \"Glazba\" kako biste se kvalificirali za vrijedne nagrade, fotografsku opremu i usluge!","robots":{"index":"index","follow":"follow","max-snippet":"max-snippet:-1","max-image-preview":"max-image-preview:large","max-video-preview":"max-video-preview:-1"},"canonical":"https:\/\/portfolio.glazboteka.com\/kcm\/kalendar\/fotonatjecaj-glazba\/","og_locale":"en_US","og_type":"article","og_title":"Fotonatje\u010daj Glazba - KCM","og_description":"Do 1. studenoga po\u0161aljite fotografije na temu \"Glazba\" kako biste se kvalificirali za vrijedne nagrade, fotografsku opremu i usluge!","og_url":"https:\/\/portfolio.glazboteka.com\/kcm\/kalendar\/fotonatjecaj-glazba\/","og_site_name":"KCM","article_publisher":"https:\/\/www.facebook.com\/KCMedija\/","article_modified_time":"2023-11-09T21:03:06+00:00","og_image":[{"width":1080,"height":1080,"url":"https:\/\/portfolio.glazboteka.com\/kcm\/wp-content\/uploads\/2023\/10\/foto_glazba.jpg","type":"image\/jpeg"}],"twitter_card":"summary_large_image","twitter_misc":{"Est. reading time":"1 minute"},"schema":{"@context":"https:\/\/schema.org","@graph":[{"@type":"WebPage","@id":"https:\/\/portfolio.glazboteka.com\/kcm\/kalendar\/fotonatjecaj-glazba\/","url":"https:\/\/portfolio.glazboteka.com\/kcm\/kalendar\/fotonatjecaj-glazba\/","name":"Fotonatje\u010daj Glazba - KCM","isPartOf":{"@id":"https:\/\/portfolio.glazboteka.com\/kcm\/#website"},"primaryImageOfPage":{"@id":"https:\/\/portfolio.glazboteka.com\/kcm\/kalendar\/fotonatjecaj-glazba\/#primaryimage"},"image":{"@id":"https:\/\/portfolio.glazboteka.com\/kcm\/kalendar\/fotonatjecaj-glazba\/#primaryimage"},"thumbnailUrl":"https:\/\/portfolio.glazboteka.com\/kcm\/wp-content\/uploads\/2023\/10\/foto_glazba.jpg","datePublished":"2023-10-12T18:45:39+00:00","dateModified":"2023-11-09T21:03:06+00:00","description":"Do 1. studenoga po\u0161aljite fotografije na temu \"Glazba\" kako biste se kvalificirali za vrijedne nagrade, fotografsku opremu i usluge!","breadcrumb":{"@id":"https:\/\/portfolio.glazboteka.com\/kcm\/kalendar\/fotonatjecaj-glazba\/#breadcrumb"},"inLanguage":"en-US","potentialAction":[{"@type":"ReadAction","target":["https:\/\/portfolio.glazboteka.com\/kcm\/kalendar\/fotonatjecaj-glazba\/"]}]},{"@type":"ImageObject","inLanguage":"en-US","@id":"https:\/\/portfolio.glazboteka.com\/kcm\/kalendar\/fotonatjecaj-glazba\/#primaryimage","url":"https:\/\/portfolio.glazboteka.com\/kcm\/wp-content\/uploads\/2023\/10\/foto_glazba.jpg","contentUrl":"https:\/\/portfolio.glazboteka.com\/kcm\/wp-content\/uploads\/2023\/10\/foto_glazba.jpg","width":1080,"height":1080},{"@type":"BreadcrumbList","@id":"https:\/\/portfolio.glazboteka.com\/kcm\/kalendar\/fotonatjecaj-glazba\/#breadcrumb","itemListElement":[{"@type":"ListItem","position":1,"name":"Events","item":"https:\/\/portfolio.glazboteka.com\/kcm\/kalendar\/"},{"@type":"ListItem","position":2,"name":"Fotonatje\u010daj Glazba"}]},{"@type":"WebSite","@id":"https:\/\/portfolio.glazboteka.com\/kcm\/#website","url":"https:\/\/portfolio.glazboteka.com\/kcm\/","name":"KCM","description":"Kulturni centar Multimedija","publisher":{"@id":"https:\/\/portfolio.glazboteka.com\/kcm\/#organization"},"potentialAction":[{"@type":"SearchAction","target":{"@type":"EntryPoint","urlTemplate":"https:\/\/portfolio.glazboteka.com\/kcm\/?s={search_term_string}"},"query-input":{"@type":"PropertyValueSpecification","valueRequired":true,"valueName":"search_term_string"}}],"inLanguage":"en-US"},{"@type":"Organization","@id":"https:\/\/portfolio.glazboteka.com\/kcm\/#organization","name":"KCM","url":"https:\/\/portfolio.glazboteka.com\/kcm\/","logo":{"@type":"ImageObject","inLanguage":"en-US","@id":"https:\/\/portfolio.glazboteka.com\/kcm\/#\/schema\/logo\/image\/","url":"https:\/\/portfolio.glazboteka.com\/kcm\/wp-content\/uploads\/2022\/10\/KCM.jpg","contentUrl":"https:\/\/portfolio.glazboteka.com\/kcm\/wp-content\/uploads\/2022\/10\/KCM.jpg","width":476,"height":419,"caption":"KCM"},"image":{"@id":"https:\/\/portfolio.glazboteka.com\/kcm\/#\/schema\/logo\/image\/"},"sameAs":["https:\/\/www.facebook.com\/KCMedija\/","https:\/\/www.instagram.com\/kulturni_centar_mesnicka\/"]}]}},"_links":{"self":[{"href":"https:\/\/portfolio.glazboteka.com\/kcm\/wp-json\/wp\/v2\/mec-events\/8061","targetHints":{"allow":["GET"]}}],"collection":[{"href":"https:\/\/portfolio.glazboteka.com\/kcm\/wp-json\/wp\/v2\/mec-events"}],"about":[{"href":"https:\/\/portfolio.glazboteka.com\/kcm\/wp-json\/wp\/v2\/types\/mec-events"}],"author":[{"embeddable":true,"href":"https:\/\/portfolio.glazboteka.com\/kcm\/wp-json\/wp\/v2\/users\/1"}],"replies":[{"embeddable":true,"href":"https:\/\/portfolio.glazboteka.com\/kcm\/wp-json\/wp\/v2\/comments?post=8061"}],"wp:featuredmedia":[{"embeddable":true,"href":"https:\/\/portfolio.glazboteka.com\/kcm\/wp-json\/wp\/v2\/media\/8062"}],"wp:attachment":[{"href":"https:\/\/portfolio.glazboteka.com\/kcm\/wp-json\/wp\/v2\/media?parent=8061"}],"wp:term":[{"taxonomy":"mec_category","embeddable":true,"href":"https:\/\/portfolio.glazboteka.com\/kcm\/wp-json\/wp\/v2\/mec_category?post=8061"},{"taxonomy":"mec_tag","embeddable":true,"href":"https:\/\/portfolio.glazboteka.com\/kcm\/wp-json\/wp\/v2\/mec_tag?post=8061"}],"curies":[{"name":"wp","href":"https:\/\/api.w.org\/{rel}","templated":true}]}}