{"id":8113,"date":"2023-10-16T12:51:50","date_gmt":"2023-10-16T10:51:50","guid":{"rendered":"https:\/\/portfolio.glazboteka.com\/kcm\/?post_type=mec-events&#038;p=8113"},"modified":"2023-10-21T00:00:38","modified_gmt":"2023-10-20T22:00:38","slug":"brodarica-na-kopnu-sad-smo-i-mi-poezija","status":"publish","type":"mec-events","link":"https:\/\/portfolio.glazboteka.com\/kcm\/kalendar\/brodarica-na-kopnu-sad-smo-i-mi-poezija\/","title":{"rendered":"Brodarica na kopnu &#8211; Sad smo i mi poezija"},"content":{"rendered":"<blockquote><p>Pozivam te na kopno,<br \/>\nDa do\u0111e\u0161 i do\u017eivi\u0161<br \/>\nBrodaricu u trenutku<br \/>\nDok pristaje pred tebe:<br \/>\nBez izlo\u017ebe, bez slika, platna i kista.<\/p>\n<p>Samo rije\u010d.<br \/>\nSamo glas.<br \/>\nSamo poezija.<\/p><\/blockquote>\n<p>Poetsko-glazbena ve\u010der u Kulturnom centru Multimedija! Dolaze nam cijenjeni autori i izvo\u0111a\u010di:<br \/>\n&#8211; Margareta Per\u0161i\u0107<br \/>\n&#8211; Snje\u017eana Vi\u0161nji\u0107 Babi\u0107 u ulozi dirigenta<br \/>\n&#8211; Lucija Stanojevi\u0107 (violina)<br \/>\n&#8211; Miro Odak (glas i gitara)<br \/>\n&#8211; gosti iznena\u0111enja.<\/p>\n<p><strong>Margareta Per\u0161i\u0107<\/strong> ro\u0111ena je 1976. godine u Zagrebu, gdje je 2000. zavr\u0161ila Pedago\u0161ku akademiju. Pronalazi veliko veselje u izradi ilustracija, igra\u010daka i lutaka, \u017eongliranju, pripovijedanju pri\u010da te ure\u0111ivanju prostora. Sudjelovala je u mnogim pedago\u0161kim projektima u Hrvatskoj i inozemstvu te vodila brojne lutkarske, dramske i likovne radionice. \u010clanica je ULUPUH-a (Sekcije za oblikovanje igra\u010daka i lutaka te Sekcije za ilustraciju, karikaturu, strip, animirani film i primijenjeno slikarstvo), Hrvatske zajednice samostalnih umjetnika (HZSU, od 2010.) te Hrvatskog centra za dramski odgoj (HICDO). Imala je dosad osamnaest samostalnih, te sudjelovala na \u0161ezdesetak grupnih izlo\u017ebi. Godine 2017. godine diplomirala je na Institutu za waldorfsku pedagogiju u Zagrebu (IWP).<\/p>\n","protected":false},"excerpt":{"rendered":"<p>Poetsko-glazbena ve\u010der u Kulturnom centru Multimedija uz violinu, gitaru i goste iznena\u0111enja. Dobro nam do\u0161li!<\/p>\n","protected":false},"author":1,"featured_media":8114,"comment_status":"closed","ping_status":"closed","template":"","meta":{"ngg_post_thumbnail":0,"ocean_post_layout":"","ocean_both_sidebars_style":"","ocean_both_sidebars_content_width":0,"ocean_both_sidebars_sidebars_width":0,"ocean_sidebar":"","ocean_second_sidebar":"","ocean_disable_margins":"enable","ocean_add_body_class":"","ocean_shortcode_before_top_bar":"","ocean_shortcode_after_top_bar":"","ocean_shortcode_before_header":"","ocean_shortcode_after_header":"","ocean_has_shortcode":"","ocean_shortcode_after_title":"","ocean_shortcode_before_footer_widgets":"","ocean_shortcode_after_footer_widgets":"","ocean_shortcode_before_footer_bottom":"","ocean_shortcode_after_footer_bottom":"","ocean_display_top_bar":"default","ocean_display_header":"default","ocean_header_style":"","ocean_center_header_left_menu":"","ocean_custom_header_template":"","ocean_custom_logo":0,"ocean_custom_retina_logo":0,"ocean_custom_logo_max_width":0,"ocean_custom_logo_tablet_max_width":0,"ocean_custom_logo_mobile_max_width":0,"ocean_custom_logo_max_height":0,"ocean_custom_logo_tablet_max_height":0,"ocean_custom_logo_mobile_max_height":0,"ocean_header_custom_menu":"","ocean_menu_typo_font_family":"","ocean_menu_typo_font_subset":"","ocean_menu_typo_font_size":0,"ocean_menu_typo_font_size_tablet":0,"ocean_menu_typo_font_size_mobile":0,"ocean_menu_typo_font_size_unit":"px","ocean_menu_typo_font_weight":"","ocean_menu_typo_font_weight_tablet":"","ocean_menu_typo_font_weight_mobile":"","ocean_menu_typo_transform":"","ocean_menu_typo_transform_tablet":"","ocean_menu_typo_transform_mobile":"","ocean_menu_typo_line_height":0,"ocean_menu_typo_line_height_tablet":0,"ocean_menu_typo_line_height_mobile":0,"ocean_menu_typo_line_height_unit":"","ocean_menu_typo_spacing":0,"ocean_menu_typo_spacing_tablet":0,"ocean_menu_typo_spacing_mobile":0,"ocean_menu_typo_spacing_unit":"","ocean_menu_link_color":"","ocean_menu_link_color_hover":"","ocean_menu_link_color_active":"","ocean_menu_link_background":"","ocean_menu_link_hover_background":"","ocean_menu_link_active_background":"","ocean_menu_social_links_bg":"","ocean_menu_social_hover_links_bg":"","ocean_menu_social_links_color":"","ocean_menu_social_hover_links_color":"","ocean_disable_title":"default","ocean_disable_heading":"default","ocean_post_title":"","ocean_post_subheading":"","ocean_post_title_style":"","ocean_post_title_background_color":"","ocean_post_title_background":0,"ocean_post_title_bg_image_position":"","ocean_post_title_bg_image_attachment":"","ocean_post_title_bg_image_repeat":"","ocean_post_title_bg_image_size":"","ocean_post_title_height":0,"ocean_post_title_bg_overlay":0.5,"ocean_post_title_bg_overlay_color":"","ocean_disable_breadcrumbs":"default","ocean_breadcrumbs_color":"","ocean_breadcrumbs_separator_color":"","ocean_breadcrumbs_links_color":"","ocean_breadcrumbs_links_hover_color":"","ocean_display_footer_widgets":"default","ocean_display_footer_bottom":"default","ocean_custom_footer_template":""},"mec_category":[24],"mec_tag":[2157,151,85,2151,2153,2152,3090,8133,2154,187,338],"class_list":["post-8113","mec-events","type-mec-events","status-publish","has-post-thumbnail","hentry","mec_category-kalendar","mec_tag-bivsa-concordia","mec_tag-glazba","mec_tag-kcm","mec_tag-kranjceviceva-16a","mec_tag-kranjceviceva-ulica-16a","mec_tag-kulturni-centar-multimedija","mec_tag-listopad-2023","mec_tag-margareta-persic","mec_tag-novi-kcm","mec_tag-poezija","mec_tag-zagreb","entry","has-media"],"yoast_head":"<!-- This site is optimized with the Yoast SEO plugin v24.9 - https:\/\/yoast.com\/wordpress\/plugins\/seo\/ -->\n<title>Brodarica na kopnu - Sad smo i mi poezija - KCM<\/title>\n<meta name=\"description\" content=\"Poetsko-glazbena ve\u010der u Kulturnom centru Multimedija uz violinu, gitaru i goste iznena\u0111enja. Dobro nam do\u0161li!\" \/>\n<meta name=\"robots\" content=\"index, follow, max-snippet:-1, max-image-preview:large, max-video-preview:-1\" \/>\n<link rel=\"canonical\" href=\"https:\/\/portfolio.glazboteka.com\/kcm\/kalendar\/brodarica-na-kopnu-sad-smo-i-mi-poezija\/\" \/>\n<meta property=\"og:locale\" content=\"en_US\" \/>\n<meta property=\"og:type\" content=\"article\" \/>\n<meta property=\"og:title\" content=\"Brodarica na kopnu - Sad smo i mi poezija - KCM\" \/>\n<meta property=\"og:description\" content=\"Poetsko-glazbena ve\u010der u Kulturnom centru Multimedija uz violinu, gitaru i goste iznena\u0111enja. Dobro nam do\u0161li!\" \/>\n<meta property=\"og:url\" content=\"https:\/\/portfolio.glazboteka.com\/kcm\/kalendar\/brodarica-na-kopnu-sad-smo-i-mi-poezija\/\" \/>\n<meta property=\"og:site_name\" content=\"KCM\" \/>\n<meta property=\"article:publisher\" content=\"https:\/\/www.facebook.com\/KCMedija\/\" \/>\n<meta property=\"article:modified_time\" content=\"2023-10-20T22:00:38+00:00\" \/>\n<meta property=\"og:image\" content=\"https:\/\/portfolio.glazboteka.com\/kcm\/wp-content\/uploads\/2023\/10\/Brodarica.jpg\" \/>\n\t<meta property=\"og:image:width\" content=\"1920\" \/>\n\t<meta property=\"og:image:height\" content=\"1080\" \/>\n\t<meta property=\"og:image:type\" content=\"image\/jpeg\" \/>\n<meta name=\"twitter:card\" content=\"summary_large_image\" \/>\n<meta name=\"twitter:label1\" content=\"Est. reading time\" \/>\n\t<meta name=\"twitter:data1\" content=\"2 minutes\" \/>\n<script type=\"application\/ld+json\" class=\"yoast-schema-graph\">{\"@context\":\"https:\/\/schema.org\",\"@graph\":[{\"@type\":\"WebPage\",\"@id\":\"https:\/\/portfolio.glazboteka.com\/kcm\/kalendar\/brodarica-na-kopnu-sad-smo-i-mi-poezija\/\",\"url\":\"https:\/\/portfolio.glazboteka.com\/kcm\/kalendar\/brodarica-na-kopnu-sad-smo-i-mi-poezija\/\",\"name\":\"Brodarica na kopnu - Sad smo i mi poezija - KCM\",\"isPartOf\":{\"@id\":\"https:\/\/portfolio.glazboteka.com\/kcm\/#website\"},\"primaryImageOfPage\":{\"@id\":\"https:\/\/portfolio.glazboteka.com\/kcm\/kalendar\/brodarica-na-kopnu-sad-smo-i-mi-poezija\/#primaryimage\"},\"image\":{\"@id\":\"https:\/\/portfolio.glazboteka.com\/kcm\/kalendar\/brodarica-na-kopnu-sad-smo-i-mi-poezija\/#primaryimage\"},\"thumbnailUrl\":\"https:\/\/portfolio.glazboteka.com\/kcm\/wp-content\/uploads\/2023\/10\/Brodarica.jpg\",\"datePublished\":\"2023-10-16T10:51:50+00:00\",\"dateModified\":\"2023-10-20T22:00:38+00:00\",\"description\":\"Poetsko-glazbena ve\u010der u Kulturnom centru Multimedija uz violinu, gitaru i goste iznena\u0111enja. Dobro nam do\u0161li!\",\"breadcrumb\":{\"@id\":\"https:\/\/portfolio.glazboteka.com\/kcm\/kalendar\/brodarica-na-kopnu-sad-smo-i-mi-poezija\/#breadcrumb\"},\"inLanguage\":\"en-US\",\"potentialAction\":[{\"@type\":\"ReadAction\",\"target\":[\"https:\/\/portfolio.glazboteka.com\/kcm\/kalendar\/brodarica-na-kopnu-sad-smo-i-mi-poezija\/\"]}]},{\"@type\":\"ImageObject\",\"inLanguage\":\"en-US\",\"@id\":\"https:\/\/portfolio.glazboteka.com\/kcm\/kalendar\/brodarica-na-kopnu-sad-smo-i-mi-poezija\/#primaryimage\",\"url\":\"https:\/\/portfolio.glazboteka.com\/kcm\/wp-content\/uploads\/2023\/10\/Brodarica.jpg\",\"contentUrl\":\"https:\/\/portfolio.glazboteka.com\/kcm\/wp-content\/uploads\/2023\/10\/Brodarica.jpg\",\"width\":1920,\"height\":1080},{\"@type\":\"BreadcrumbList\",\"@id\":\"https:\/\/portfolio.glazboteka.com\/kcm\/kalendar\/brodarica-na-kopnu-sad-smo-i-mi-poezija\/#breadcrumb\",\"itemListElement\":[{\"@type\":\"ListItem\",\"position\":1,\"name\":\"Events\",\"item\":\"https:\/\/portfolio.glazboteka.com\/kcm\/kalendar\/\"},{\"@type\":\"ListItem\",\"position\":2,\"name\":\"Brodarica na kopnu &#8211; Sad smo i mi poezija\"}]},{\"@type\":\"WebSite\",\"@id\":\"https:\/\/portfolio.glazboteka.com\/kcm\/#website\",\"url\":\"https:\/\/portfolio.glazboteka.com\/kcm\/\",\"name\":\"KCM\",\"description\":\"Kulturni centar Multimedija\",\"publisher\":{\"@id\":\"https:\/\/portfolio.glazboteka.com\/kcm\/#organization\"},\"potentialAction\":[{\"@type\":\"SearchAction\",\"target\":{\"@type\":\"EntryPoint\",\"urlTemplate\":\"https:\/\/portfolio.glazboteka.com\/kcm\/?s={search_term_string}\"},\"query-input\":{\"@type\":\"PropertyValueSpecification\",\"valueRequired\":true,\"valueName\":\"search_term_string\"}}],\"inLanguage\":\"en-US\"},{\"@type\":\"Organization\",\"@id\":\"https:\/\/portfolio.glazboteka.com\/kcm\/#organization\",\"name\":\"KCM\",\"url\":\"https:\/\/portfolio.glazboteka.com\/kcm\/\",\"logo\":{\"@type\":\"ImageObject\",\"inLanguage\":\"en-US\",\"@id\":\"https:\/\/portfolio.glazboteka.com\/kcm\/#\/schema\/logo\/image\/\",\"url\":\"https:\/\/portfolio.glazboteka.com\/kcm\/wp-content\/uploads\/2022\/10\/KCM.jpg\",\"contentUrl\":\"https:\/\/portfolio.glazboteka.com\/kcm\/wp-content\/uploads\/2022\/10\/KCM.jpg\",\"width\":476,\"height\":419,\"caption\":\"KCM\"},\"image\":{\"@id\":\"https:\/\/portfolio.glazboteka.com\/kcm\/#\/schema\/logo\/image\/\"},\"sameAs\":[\"https:\/\/www.facebook.com\/KCMedija\/\",\"https:\/\/www.instagram.com\/kulturni_centar_mesnicka\/\"]}]}<\/script>\n<!-- \/ Yoast SEO plugin. -->","yoast_head_json":{"title":"Brodarica na kopnu - Sad smo i mi poezija - KCM","description":"Poetsko-glazbena ve\u010der u Kulturnom centru Multimedija uz violinu, gitaru i goste iznena\u0111enja. Dobro nam do\u0161li!","robots":{"index":"index","follow":"follow","max-snippet":"max-snippet:-1","max-image-preview":"max-image-preview:large","max-video-preview":"max-video-preview:-1"},"canonical":"https:\/\/portfolio.glazboteka.com\/kcm\/kalendar\/brodarica-na-kopnu-sad-smo-i-mi-poezija\/","og_locale":"en_US","og_type":"article","og_title":"Brodarica na kopnu - Sad smo i mi poezija - KCM","og_description":"Poetsko-glazbena ve\u010der u Kulturnom centru Multimedija uz violinu, gitaru i goste iznena\u0111enja. Dobro nam do\u0161li!","og_url":"https:\/\/portfolio.glazboteka.com\/kcm\/kalendar\/brodarica-na-kopnu-sad-smo-i-mi-poezija\/","og_site_name":"KCM","article_publisher":"https:\/\/www.facebook.com\/KCMedija\/","article_modified_time":"2023-10-20T22:00:38+00:00","og_image":[{"width":1920,"height":1080,"url":"https:\/\/portfolio.glazboteka.com\/kcm\/wp-content\/uploads\/2023\/10\/Brodarica.jpg","type":"image\/jpeg"}],"twitter_card":"summary_large_image","twitter_misc":{"Est. reading time":"2 minutes"},"schema":{"@context":"https:\/\/schema.org","@graph":[{"@type":"WebPage","@id":"https:\/\/portfolio.glazboteka.com\/kcm\/kalendar\/brodarica-na-kopnu-sad-smo-i-mi-poezija\/","url":"https:\/\/portfolio.glazboteka.com\/kcm\/kalendar\/brodarica-na-kopnu-sad-smo-i-mi-poezija\/","name":"Brodarica na kopnu - Sad smo i mi poezija - KCM","isPartOf":{"@id":"https:\/\/portfolio.glazboteka.com\/kcm\/#website"},"primaryImageOfPage":{"@id":"https:\/\/portfolio.glazboteka.com\/kcm\/kalendar\/brodarica-na-kopnu-sad-smo-i-mi-poezija\/#primaryimage"},"image":{"@id":"https:\/\/portfolio.glazboteka.com\/kcm\/kalendar\/brodarica-na-kopnu-sad-smo-i-mi-poezija\/#primaryimage"},"thumbnailUrl":"https:\/\/portfolio.glazboteka.com\/kcm\/wp-content\/uploads\/2023\/10\/Brodarica.jpg","datePublished":"2023-10-16T10:51:50+00:00","dateModified":"2023-10-20T22:00:38+00:00","description":"Poetsko-glazbena ve\u010der u Kulturnom centru Multimedija uz violinu, gitaru i goste iznena\u0111enja. Dobro nam do\u0161li!","breadcrumb":{"@id":"https:\/\/portfolio.glazboteka.com\/kcm\/kalendar\/brodarica-na-kopnu-sad-smo-i-mi-poezija\/#breadcrumb"},"inLanguage":"en-US","potentialAction":[{"@type":"ReadAction","target":["https:\/\/portfolio.glazboteka.com\/kcm\/kalendar\/brodarica-na-kopnu-sad-smo-i-mi-poezija\/"]}]},{"@type":"ImageObject","inLanguage":"en-US","@id":"https:\/\/portfolio.glazboteka.com\/kcm\/kalendar\/brodarica-na-kopnu-sad-smo-i-mi-poezija\/#primaryimage","url":"https:\/\/portfolio.glazboteka.com\/kcm\/wp-content\/uploads\/2023\/10\/Brodarica.jpg","contentUrl":"https:\/\/portfolio.glazboteka.com\/kcm\/wp-content\/uploads\/2023\/10\/Brodarica.jpg","width":1920,"height":1080},{"@type":"BreadcrumbList","@id":"https:\/\/portfolio.glazboteka.com\/kcm\/kalendar\/brodarica-na-kopnu-sad-smo-i-mi-poezija\/#breadcrumb","itemListElement":[{"@type":"ListItem","position":1,"name":"Events","item":"https:\/\/portfolio.glazboteka.com\/kcm\/kalendar\/"},{"@type":"ListItem","position":2,"name":"Brodarica na kopnu &#8211; Sad smo i mi poezija"}]},{"@type":"WebSite","@id":"https:\/\/portfolio.glazboteka.com\/kcm\/#website","url":"https:\/\/portfolio.glazboteka.com\/kcm\/","name":"KCM","description":"Kulturni centar Multimedija","publisher":{"@id":"https:\/\/portfolio.glazboteka.com\/kcm\/#organization"},"potentialAction":[{"@type":"SearchAction","target":{"@type":"EntryPoint","urlTemplate":"https:\/\/portfolio.glazboteka.com\/kcm\/?s={search_term_string}"},"query-input":{"@type":"PropertyValueSpecification","valueRequired":true,"valueName":"search_term_string"}}],"inLanguage":"en-US"},{"@type":"Organization","@id":"https:\/\/portfolio.glazboteka.com\/kcm\/#organization","name":"KCM","url":"https:\/\/portfolio.glazboteka.com\/kcm\/","logo":{"@type":"ImageObject","inLanguage":"en-US","@id":"https:\/\/portfolio.glazboteka.com\/kcm\/#\/schema\/logo\/image\/","url":"https:\/\/portfolio.glazboteka.com\/kcm\/wp-content\/uploads\/2022\/10\/KCM.jpg","contentUrl":"https:\/\/portfolio.glazboteka.com\/kcm\/wp-content\/uploads\/2022\/10\/KCM.jpg","width":476,"height":419,"caption":"KCM"},"image":{"@id":"https:\/\/portfolio.glazboteka.com\/kcm\/#\/schema\/logo\/image\/"},"sameAs":["https:\/\/www.facebook.com\/KCMedija\/","https:\/\/www.instagram.com\/kulturni_centar_mesnicka\/"]}]}},"_links":{"self":[{"href":"https:\/\/portfolio.glazboteka.com\/kcm\/wp-json\/wp\/v2\/mec-events\/8113","targetHints":{"allow":["GET"]}}],"collection":[{"href":"https:\/\/portfolio.glazboteka.com\/kcm\/wp-json\/wp\/v2\/mec-events"}],"about":[{"href":"https:\/\/portfolio.glazboteka.com\/kcm\/wp-json\/wp\/v2\/types\/mec-events"}],"author":[{"embeddable":true,"href":"https:\/\/portfolio.glazboteka.com\/kcm\/wp-json\/wp\/v2\/users\/1"}],"replies":[{"embeddable":true,"href":"https:\/\/portfolio.glazboteka.com\/kcm\/wp-json\/wp\/v2\/comments?post=8113"}],"wp:featuredmedia":[{"embeddable":true,"href":"https:\/\/portfolio.glazboteka.com\/kcm\/wp-json\/wp\/v2\/media\/8114"}],"wp:attachment":[{"href":"https:\/\/portfolio.glazboteka.com\/kcm\/wp-json\/wp\/v2\/media?parent=8113"}],"wp:term":[{"taxonomy":"mec_category","embeddable":true,"href":"https:\/\/portfolio.glazboteka.com\/kcm\/wp-json\/wp\/v2\/mec_category?post=8113"},{"taxonomy":"mec_tag","embeddable":true,"href":"https:\/\/portfolio.glazboteka.com\/kcm\/wp-json\/wp\/v2\/mec_tag?post=8113"}],"curies":[{"name":"wp","href":"https:\/\/api.w.org\/{rel}","templated":true}]}}